{"id":134,"date":"2017-11-01T17:05:35","date_gmt":"2017-11-01T16:05:35","guid":{"rendered":"http:\/\/cotefontaine.be\/cf\/?page_id=134"},"modified":"2024-03-28T18:19:33","modified_gmt":"2024-03-28T17:19:33","slug":"guestbook","status":"publish","type":"page","link":"https:\/\/cotefontaine.be\/cf-en\/guestbook\/","title":{"rendered":"Guestbook"},"content":{"rendered":"<p>[et_pb_section fb_built=\u00a0\u00bb1&Prime; _builder_version=\u00a0\u00bb4.16&Prime; background_color=\u00a0\u00bb#939393&Prime; global_colors_info=\u00a0\u00bb{}\u00a0\u00bb][et_pb_row column_structure=\u00a0\u00bb1_3,1_3,1_3&Prime; module_class=\u00a0\u00bb et_pb_row_fullwidth\u00a0\u00bb _builder_version=\u00a0\u00bb4.16&Prime; background_color=\u00a0\u00bbrgba(255,255,255,0.98)\u00a0\u00bb width=\u00a0\u00bb89%\u00a0\u00bb width_tablet=\u00a0\u00bb80%\u00a0\u00bb width_phone=\u00a0\u00bb\u00a0\u00bb width_last_edited=\u00a0\u00bbon|desktop\u00a0\u00bb max_width=\u00a0\u00bb89%\u00a0\u00bb max_width_tablet=\u00a0\u00bb80%\u00a0\u00bb max_width_phone=\u00a0\u00bb\u00a0\u00bb max_width_last_edited=\u00a0\u00bbon|desktop\u00a0\u00bb custom_margin=\u00a0\u00bb|30px||30px\u00a0\u00bb custom_padding=\u00a0\u00bb|56px||\u00a0\u00bb make_fullwidth=\u00a0\u00bbon\u00a0\u00bb global_colors_info=\u00a0\u00bb{}\u00a0\u00bb][et_pb_column type=\u00a0\u00bb1_3&Prime; _builder_version=\u00a0\u00bb4.16&Prime; custom_padding=\u00a0\u00bb|||\u00a0\u00bb global_colors_info=\u00a0\u00bb{}\u00a0\u00bb custom_padding__hover=\u00a0\u00bb|||\u00a0\u00bb][et_pb_text _builder_version=\u00a0\u00bb4.21.0&Prime; header_3_font=\u00a0\u00bb||||||||\u00a0\u00bb custom_padding=\u00a0\u00bb|||30&Prime; global_colors_info=\u00a0\u00bb{}\u00a0\u00bb]<\/p>\n<h1><strong>\u00a0<span style=\"color: #0000ff;\">GUESTBOOK<\/span><\/strong><span style=\"color: #0000ff;\">\u00a0 <\/span><\/h1>\n<h1><span style=\"color: #0000ff;\">\u00ab\u00a0C\u00f4t\u00e9 Fontaine\u00a0\u00bb<\/span><\/h1>\n<h1><span style=\"color: #840b00;\"><em><strong><\/strong><\/em><\/span><\/h1>\n<p><span style=\"color: #840b00;\">\u00a0<\/span><\/p>\n<p><span style=\"color: #840b00;\">\u00a0<\/span><\/p>\n<h3><strong><span style=\"color: #000cff;\">You can leave us your impressions.<\/span><\/strong><\/h3>\n<p><strong><span style=\"color: #000cff;\">Send us your message via the box on the right or your e-mail box.<\/span><\/strong><\/p>\n<p><strong><span style=\"color: #000cff;\">We will post it on our site, thank you in advance.<\/span><\/strong><\/p>\n<p>[\/et_pb_text][\/et_pb_column][et_pb_column type=\u00a0\u00bb1_3&Prime; _builder_version=\u00a0\u00bb4.16&Prime; custom_padding=\u00a0\u00bb|||\u00a0\u00bb global_colors_info=\u00a0\u00bb{}\u00a0\u00bb custom_padding__hover=\u00a0\u00bb|||\u00a0\u00bb][et_pb_image src=\u00a0\u00bbhttps:\/\/cotefontaine.be\/cf-en\/wp-content\/uploads\/2019\/03\/15Ans.png\u00a0\u00bb align=\u00a0\u00bbcenter\u00a0\u00bb align_tablet=\u00a0\u00bbcenter\u00a0\u00bb align_phone=\u00a0\u00bb\u00a0\u00bb align_last_edited=\u00a0\u00bbon|desktop\u00a0\u00bb _builder_version=\u00a0\u00bb4.16&Prime; global_colors_info=\u00a0\u00bb{}\u00a0\u00bb]<br \/>\n[\/et_pb_image][\/et_pb_column][et_pb_column type=\u00a0\u00bb1_3&Prime; _builder_version=\u00a0\u00bb4.16&Prime; custom_padding=\u00a0\u00bb|||\u00a0\u00bb global_colors_info=\u00a0\u00bb{}\u00a0\u00bb custom_padding__hover=\u00a0\u00bb|||\u00a0\u00bb][et_pb_cta title=\u00a0\u00bbWrite your message, we will put it in our guestbook.Thank you very much\u00a0\u00bb button_url=\u00a0\u00bbhttps:\/\/cotefontaine.be\/cf-en\/contact\/\u00a0\u00bb url_new_window=\u00a0\u00bbon\u00a0\u00bb button_text=\u00a0\u00bbFor the guestbook\u00a0\u00bb _builder_version=\u00a0\u00bb4.16&Prime; body_text_color=\u00a0\u00bb#840b00&Prime; background_color=\u00a0\u00bb#f9d781&Prime; custom_button=\u00a0\u00bbon\u00a0\u00bb button_text_color=\u00a0\u00bb#ffffff\u00a0\u00bb button_bg_color=\u00a0\u00bb#000cff\u00a0\u00bb button_border_color=\u00a0\u00bb#ffffff\u00a0\u00bb button_border_radius=\u00a0\u00bb20px\u00a0\u00bb button_font=\u00a0\u00bb|600|||||||\u00a0\u00bb button_alignment=\u00a0\u00bbcenter\u00a0\u00bb background_layout=\u00a0\u00bblight\u00a0\u00bb link_option_url_new_window=\u00a0\u00bbon\u00a0\u00bb border_radii=\u00a0\u00bbon|30px|30px|30px|30px\u00a0\u00bb border_width_all=\u00a0\u00bb3px\u00a0\u00bb border_color_all=\u00a0\u00bb#ffffff\u00a0\u00bb box_shadow_style=\u00a0\u00bbpreset4&Prime; box_shadow_color=\u00a0\u00bbrgba(79,64,0,0.39)\u00a0\u00bb box_shadow_style_button=\u00a0\u00bbpreset4&Prime; box_shadow_color_button=\u00a0\u00bbrgba(0,0,0,0)\u00a0\u00bb button_bg_color_hover=\u00a0\u00bb#7cda24&Prime; global_colors_info=\u00a0\u00bb{}\u00a0\u00bb button_text_size__hover_enabled=\u00a0\u00bboff\u00a0\u00bb button_one_text_size__hover_enabled=\u00a0\u00bboff\u00a0\u00bb button_two_text_size__hover_enabled=\u00a0\u00bboff\u00a0\u00bb button_text_color__hover_enabled=\u00a0\u00bboff\u00a0\u00bb button_one_text_color__hover_enabled=\u00a0\u00bboff\u00a0\u00bb button_two_text_color__hover_enabled=\u00a0\u00bboff\u00a0\u00bb button_border_width__hover_enabled=\u00a0\u00bboff\u00a0\u00bb button_one_border_width__hover_enabled=\u00a0\u00bboff\u00a0\u00bb button_two_border_width__hover_enabled=\u00a0\u00bboff\u00a0\u00bb button_border_color__hover_enabled=\u00a0\u00bboff\u00a0\u00bb button_one_border_color__hover_enabled=\u00a0\u00bboff\u00a0\u00bb button_two_border_color__hover_enabled=\u00a0\u00bboff\u00a0\u00bb button_border_radius__hover_enabled=\u00a0\u00bboff\u00a0\u00bb button_one_border_radius__hover_enabled=\u00a0\u00bboff\u00a0\u00bb button_two_border_radius__hover_enabled=\u00a0\u00bboff\u00a0\u00bb button_letter_spacing__hover_enabled=\u00a0\u00bboff\u00a0\u00bb button_one_letter_spacing__hover_enabled=\u00a0\u00bboff\u00a0\u00bb button_two_letter_spacing__hover_enabled=\u00a0\u00bboff\u00a0\u00bb button_bg_color__hover_enabled=\u00a0\u00bbon\u00a0\u00bb button_bg_color__hover=\u00a0\u00bb#7cda24&Prime; button_one_bg_color__hover_enabled=\u00a0\u00bboff\u00a0\u00bb button_two_bg_color__hover_enabled=\u00a0\u00bboff\u00a0\u00bb][\/et_pb_cta][\/et_pb_column][\/et_pb_row][et_pb_row module_class=\u00a0\u00bb et_pb_row_fullwidth\u00a0\u00bb _builder_version=\u00a0\u00bb4.16&Prime; background_color=\u00a0\u00bbrgba(255,255,255,0.98)\u00a0\u00bb width=\u00a0\u00bb89%\u00a0\u00bb width_tablet=\u00a0\u00bb80%\u00a0\u00bb width_phone=\u00a0\u00bb\u00a0\u00bb width_last_edited=\u00a0\u00bbon|desktop\u00a0\u00bb max_width=\u00a0\u00bb89%\u00a0\u00bb max_width_tablet=\u00a0\u00bb80%\u00a0\u00bb max_width_phone=\u00a0\u00bb\u00a0\u00bb max_width_last_edited=\u00a0\u00bbon|desktop\u00a0\u00bb custom_margin=\u00a0\u00bb|30px||30px\u00a0\u00bb custom_padding=\u00a0\u00bb|30||17px|false|false\u00a0\u00bb make_fullwidth=\u00a0\u00bbon\u00a0\u00bb global_colors_info=\u00a0\u00bb{}\u00a0\u00bb][et_pb_column type=\u00a0\u00bb4_4&Prime; _builder_version=\u00a0\u00bb4.16&Prime; custom_padding=\u00a0\u00bb|||\u00a0\u00bb global_colors_info=\u00a0\u00bb{}\u00a0\u00bb custom_padding__hover=\u00a0\u00bb|||\u00a0\u00bb][et_pb_text _builder_version=\u00a0\u00bb4.21.0&Prime; custom_padding=\u00a0\u00bb|30px||30&Prime; inline_fonts=\u00a0\u00bbArial\u00a0\u00bb global_colors_info=\u00a0\u00bb{}\u00a0\u00bb]<\/p>\n<p><span style=\"font-family: inherit; font-weight: normal; font-size: medium; color: #000cff;\">A big thank you to Pierre and Chantal for the room and the attention during our stay. We are very delighted with C\u00f4t\u00e9 Fontaine. We hope to return soon for a longer stay. Best wishes. Mary and John, 3\/2024.<\/span><\/p>\n<p><span style=\"font-family: inherit; font-weight: normal; font-size: medium; color: #0000ff;\"><\/span><\/p>\n<p><span style=\"font-family: inherit; font-weight: normal; font-size: medium; color: #0000ff;\">Thank you for your hospitality, the delicious breakfast, your kindness! Greetings.<br \/>Rita 5\/2023 Brussels<\/span><\/p>\n<h4><span style=\"font-size: medium; color: #0000ff;\">Thank you for your hospitality, the delicious breakfast, your kindness! Greetings, Rita 6\/2023 Brussels<\/span><\/h4>\n<h4><span style=\"font-size: medium; color: #0000ff;\">Hello Sir,<\/span><br \/><span style=\"font-size: medium; color: #0000ff;\">I wanted to tell you that we really appreciated your welcome and the quality of your rooms, it was really great!<\/span><br \/><span style=\"font-size: medium; color: #0000ff;\">Many thanks again and see you soon.<\/span><br \/><span style=\"color: #0000ff;\"><span style=\"font-size: medium;\">Agnes 9\/2022<\/span><span style=\"font-family: inherit; font-weight: normal; font-size: medium;\"><\/span><\/span><\/h4>\n<p><span style=\"font-family: inherit; font-weight: normal; font-size: medium; color: #0000ff;\"><\/span><\/p>\n<p><span style=\"font-family: inherit; font-weight: normal; font-size: medium; color: #0000ff;\">Hello Pierre and Chantal,<br \/>I spent wonderful days with you! I particularly liked the calm and the beautiful room.<br \/>Thanks for all the good care!<br \/>I might come back.<br \/>Best regards,<br \/>Yvonne 7\/2022<\/span><\/p>\n<h3><span style=\"font-family: inherit; font-weight: normal; font-size: medium; color: #0000ff;\"><\/span><\/h3>\n<h3><span style=\"font-family: inherit; font-weight: normal; font-size: medium; color: #0000ff;\">A big greeting from two French tourists from VESOUL in Franche Comt\u00e9.<\/span><br \/><span style=\"font-family: inherit; font-weight: normal; font-size: medium; color: #0000ff;\">Thank you also for your kindness and your welcome.<\/span><br \/><span style=\"font-family: inherit; font-weight: normal; font-size: medium; color: #0000ff;\">The bed and breakfast was perfect, nothing was missing, comfortable and spotless.<\/span><br \/><span style=\"font-family: inherit; font-weight: normal; font-size: medium; color: #0000ff;\">If the opportunity arises, we would like to see you again.<\/span><br \/><span style=\"font-family: inherit; font-weight: normal; font-size: medium; color: #0000ff;\">We will not fail to announce you.<\/span><br \/><span style=\"font-family: inherit; font-weight: normal; font-size: medium; color: #0000ff;\">Sincerely, 2019<\/span><\/h3>\n<p><span style=\"font-size: medium; font-family: inherit; font-weight: normal; color: #0000ff;\"><span style=\"vertical-align: inherit;\"><span style=\"vertical-align: inherit;\"><span style=\"vertical-align: inherit;\"><span style=\"vertical-align: inherit;\"><span style=\"vertical-align: inherit;\"><span style=\"vertical-align: inherit;\"><span style=\"vertical-align: inherit;\"><span style=\"vertical-align: inherit;\"><span style=\"vertical-align: inherit;\"><span style=\"vertical-align: inherit;\"><span style=\"vertical-align: inherit;\"><span style=\"vertical-align: inherit;\"><\/span><\/span><\/span><\/span><\/span><\/span><\/span><\/span><\/span><\/span><\/span><\/span><\/span><\/p>\n<p><span style=\"font-size: medium; font-family: inherit; font-weight: normal; color: #0000ff;\"><span style=\"vertical-align: inherit;\"><span style=\"vertical-align: inherit;\"><span style=\"vertical-align: inherit;\"><span style=\"vertical-align: inherit;\"><span style=\"vertical-align: inherit;\"><span style=\"vertical-align: inherit;\"><span style=\"vertical-align: inherit;\"><span style=\"vertical-align: inherit;\"><span style=\"vertical-align: inherit;\"><span style=\"vertical-align: inherit;\"><span style=\"vertical-align: inherit;\"><span style=\"vertical-align: inherit;\">Dear Pierre and Chantal,<br \/>Back in our house, we miss your breakfast: the pains au chocolat, the croissants and the delicious homemade jams. We have had a good time with you. The room was comfortably furnished, clean and had everything you need; in the common room a fully equipped VVV, with information about the area and Namur itself. Nice that we ourselves could make a cup of coffee at the table. Thank you for the hospitable welcome and your sympathy during the most unexpected admission of my husband to the hospital. Without being intrusive, you lived with us and offered help when you got the impression that we did not save it in the French-speaking hospital. Many thanks for this. Because of this sudden hospitalization, we had to cancel our cycling holiday. But in the future we will certainly cycle back from our house to you, to complete our journey. We are already looking forward to it.<br \/>Kind regards, Nicole and Peter, 2018.<\/span><\/span><\/span><\/span><\/span><\/span><\/span><\/span><\/span><\/span><\/span><\/span><\/span><\/p>\n<p><span style=\"font-size: medium; font-family: inherit; font-weight: normal; color: #0000ff;\"><span style=\"vertical-align: inherit;\"><span style=\"vertical-align: inherit;\"><span style=\"vertical-align: inherit;\"><span style=\"vertical-align: inherit;\"><span style=\"vertical-align: inherit;\"><span style=\"vertical-align: inherit;\"><span style=\"vertical-align: inherit;\"><span style=\"vertical-align: inherit;\"><span style=\"vertical-align: inherit;\"><span style=\"vertical-align: inherit;\"><span style=\"vertical-align: inherit;\"><span style=\"vertical-align: inherit;\"><\/span><\/span><\/span><\/span><\/span><\/span><\/span><\/span><\/span><\/span><\/span><\/span><\/span><\/p>\n<p><span style=\"font-size: medium; font-family: inherit; font-weight: normal; color: #0000ff;\"><span style=\"vertical-align: inherit;\"><span style=\"vertical-align: inherit;\"><span style=\"vertical-align: inherit;\"><span style=\"vertical-align: inherit;\"><span style=\"vertical-align: inherit;\"><span style=\"vertical-align: inherit;\"><span style=\"vertical-align: inherit;\"><span style=\"vertical-align: inherit;\"><span style=\"vertical-align: inherit;\"><span style=\"vertical-align: inherit;\"><span style=\"vertical-align: inherit;\"><span style=\"vertical-align: inherit;\">Merci \u00e0 Chantal et Pierre pour un accueil chaleureux et un s\u00e9jour formidable! <\/span><\/span><\/span><\/span><\/span><\/span><\/span><\/span><\/span><span style=\"vertical-align: inherit;\"><span style=\"vertical-align: inherit;\"><span style=\"vertical-align: inherit;\"><span style=\"vertical-align: inherit;\"><span style=\"vertical-align: inherit;\"><span style=\"vertical-align: inherit;\"><span style=\"vertical-align: inherit;\"><span style=\"vertical-align: inherit;\"><span style=\"vertical-align: inherit;\">La chambre avec salle de bain \u00e9tait tr\u00e8s confortable, propre et spacieuse, le petit d\u00e9jeuner \u00e9tait tr\u00e8s bon. <\/span><\/span><\/span><\/span><\/span><\/span><\/span><\/span><\/span><span style=\"vertical-align: inherit;\"><span style=\"vertical-align: inherit;\"><span style=\"vertical-align: inherit;\"><span style=\"vertical-align: inherit;\"><span style=\"vertical-align: inherit;\"><span style=\"vertical-align: inherit;\"><span style=\"vertical-align: inherit;\"><span style=\"vertical-align: inherit;\"><span style=\"vertical-align: inherit;\">Nous vous recommandons \u00e0 nos amis.<br \/><\/span><\/span><\/span><\/span><\/span><\/span><\/span><\/span><\/span><span style=\"vertical-align: inherit;\"><span style=\"vertical-align: inherit;\"><span style=\"vertical-align: inherit;\"><span style=\"vertical-align: inherit;\"><span style=\"vertical-align: inherit;\"><span style=\"vertical-align: inherit;\"><span style=\"vertical-align: inherit;\"><span style=\"vertical-align: inherit;\"><span style=\"vertical-align: inherit;\">Une bonne adresse \u00e0 d\u00e9couvrir. <\/span><\/span><\/span><\/span><\/span><\/span><\/span><\/span><br \/><\/span><\/span><span style=\"vertical-align: inherit;\"><span style=\"vertical-align: inherit;\"><span style=\"vertical-align: inherit;\"><span style=\"vertical-align: inherit;\"><span style=\"vertical-align: inherit;\"><span style=\"vertical-align: inherit;\"><span style=\"vertical-align: inherit;\"><span style=\"vertical-align: inherit;\"><span style=\"vertical-align: inherit;\"><span style=\"vertical-align: inherit;\">Karl, Friedrichshafen, 2018.<\/span><\/span><\/span><\/span><\/span><\/span><\/span><\/span><\/span><\/span><\/span><\/span><\/span><\/p>\n<p><span style=\"color: #0000ff;\">\u00a0<\/span><\/p>\n<p><span style=\"color: #0000ff;\"><span style=\"font-family: Arial; font-weight: normal; font-size: medium;\"><span style=\"vertical-align: inherit;\"><span style=\"vertical-align: inherit;\"><span style=\"vertical-align: inherit;\"><span style=\"vertical-align: inherit;\"><span style=\"vertical-align: inherit;\"><span style=\"vertical-align: inherit;\"><span style=\"vertical-align: inherit;\"><span style=\"vertical-align: inherit;\"><span style=\"vertical-align: inherit;\"><span style=\"vertical-align: inherit;\"><span style=\"vertical-align: inherit;\"><span style=\"vertical-align: inherit;\"><span style=\"vertical-align: inherit;\"><span style=\"vertical-align: inherit;\">Comment vous remercier pour cet accueil si chaleureux que vous nous avons r\u00e9serv\u00e9? <\/span><\/span><\/span><\/span><\/span><\/span><\/span><\/span><\/span><\/span><\/span><\/span><\/span><\/span><\/span><span style=\"vertical-align: inherit;\"><span style=\"font-family: Arial; font-weight: normal; font-size: medium;\"><span style=\"vertical-align: inherit;\"><span style=\"vertical-align: inherit;\"><span style=\"vertical-align: inherit;\"><span style=\"vertical-align: inherit;\"><span style=\"vertical-align: inherit;\"><span style=\"vertical-align: inherit;\"><span style=\"vertical-align: inherit;\"><span style=\"vertical-align: inherit;\"><span style=\"vertical-align: inherit;\"><span style=\"vertical-align: inherit;\"><span style=\"vertical-align: inherit;\"><span style=\"vertical-align: inherit;\"><span style=\"vertical-align: inherit;\">Quel plaisir de partager avec vous ces moments privil\u00e9gi\u00e9s du petit d\u00e9jeuner richesses en \u00e9changes, plein d&rsquo;humour et de franche rigolade !!! <\/span><\/span><\/span><\/span><\/span><\/span><\/span><\/span><\/span><\/span><\/span><\/span><\/span><\/span><span style=\"font-family: Arial; font-weight: normal; font-size: medium;\"><span style=\"vertical-align: inherit;\"><span style=\"vertical-align: inherit;\"><span style=\"vertical-align: inherit;\"><span style=\"vertical-align: inherit;\"><span style=\"vertical-align: inherit;\"><span style=\"vertical-align: inherit;\"><span style=\"vertical-align: inherit;\"><span style=\"vertical-align: inherit;\"><span style=\"vertical-align: inherit;\"><span style=\"vertical-align: inherit;\"><span style=\"vertical-align: inherit;\"><span style=\"vertical-align: inherit;\"><span style=\"vertical-align: inherit;\">Le d\u00e9part de votre charmante maison vous est compris si simple et nous en parlons encore. <\/span><\/span><\/span><\/span><\/span><\/span><\/span><\/span><\/span><\/span><\/span><\/span><\/span><\/span><span style=\"font-family: Arial; font-weight: normal; font-size: medium;\"><span style=\"vertical-align: inherit;\"><span style=\"vertical-align: inherit;\"><span style=\"vertical-align: inherit;\"><span style=\"vertical-align: inherit;\"><span style=\"vertical-align: inherit;\"><span style=\"vertical-align: inherit;\"><span style=\"vertical-align: inherit;\"><span style=\"vertical-align: inherit;\"><span style=\"vertical-align: inherit;\"><span style=\"vertical-align: inherit;\"><span style=\"vertical-align: inherit;\"><span style=\"vertical-align: inherit;\"><span style=\"vertical-align: inherit;\">Merci encore pour votre disponibilit\u00e9 et votre accueil, les multiples informations sur votre pays et votre r\u00e9gion que vous nous avez donn\u00e9.<br \/><\/span><\/span><\/span><\/span><\/span><\/span><\/span><\/span><\/span><\/span><\/span><\/span><\/span><\/span><span style=\"font-family: Arial; font-weight: normal; font-size: medium;\"><span style=\"vertical-align: inherit;\"><span style=\"vertical-align: inherit;\"><span style=\"vertical-align: inherit;\"><span style=\"vertical-align: inherit;\"><span style=\"vertical-align: inherit;\"><span style=\"vertical-align: inherit;\"><span style=\"vertical-align: inherit;\"><span style=\"vertical-align: inherit;\"><span style=\"vertical-align: inherit;\"><span style=\"vertical-align: inherit;\"><span style=\"vertical-align: inherit;\"><span style=\"vertical-align: inherit;\"><span style=\"vertical-align: inherit;\">A tr\u00e8s bient\u00f4t, nous vous embrassons <\/span><\/span><\/span><\/span><\/span><\/span><\/span><\/span><\/span><\/span><\/span><\/span><\/span><\/span><span style=\"font-family: Arial; font-weight: normal; font-size: medium;\"><span style=\"vertical-align: inherit;\"><span style=\"vertical-align: inherit;\"><span style=\"vertical-align: inherit;\"><span style=\"vertical-align: inherit;\"><span style=\"vertical-align: inherit;\"><span style=\"vertical-align: inherit;\"><span style=\"vertical-align: inherit;\"><span style=\"vertical-align: inherit;\"><span style=\"vertical-align: inherit;\"><span style=\"vertical-align: inherit;\"><span style=\"vertical-align: inherit;\"><span style=\"vertical-align: inherit;\"><span style=\"vertical-align: inherit;\">Saadia, Alain et leurs enfants, La R\u00e9union 2018.<\/span><\/span><\/span><\/span><\/span><\/span><\/span><\/span><\/span><\/span><\/span><\/span><\/span><\/span><\/span><span style=\"font-family: Arial; font-size: medium;\">\u00a0<\/span><\/span><\/p>\n<p><span style=\"font-size: medium; font-family: Arial; font-weight: normal; color: #0000ff;\">\u00a0<\/span><\/p>\n<p><span style=\"color: #0000ff; font-size: medium; font-family: Arial; font-weight: normal;\"><span style=\"vertical-align: inherit;\"><span style=\"vertical-align: inherit;\"><span style=\"vertical-align: inherit;\"><span style=\"vertical-align: inherit;\"><span style=\"vertical-align: inherit;\"><span style=\"vertical-align: inherit;\"><span style=\"vertical-align: inherit;\"><span style=\"vertical-align: inherit;\"><span style=\"vertical-align: inherit;\"><span style=\"vertical-align: inherit;\"><span style=\"vertical-align: inherit;\"><span style=\"vertical-align: inherit;\"><span style=\"vertical-align: inherit;\"><span style=\"vertical-align: inherit;\">C&rsquo;est toujours un plaisir de venir et de rester avec Pierre et Chantal. <\/span><\/span><\/span><\/span><\/span><\/span><\/span><\/span><\/span><\/span><\/span><\/span><\/span><span style=\"vertical-align: inherit;\"><span style=\"vertical-align: inherit;\"><span style=\"vertical-align: inherit;\"><span style=\"vertical-align: inherit;\"><span style=\"vertical-align: inherit;\"><span style=\"vertical-align: inherit;\"><span style=\"vertical-align: inherit;\"><span style=\"vertical-align: inherit;\"><span style=\"vertical-align: inherit;\"><span style=\"vertical-align: inherit;\"><span style=\"vertical-align: inherit;\"><span style=\"vertical-align: inherit;\"><span style=\"vertical-align: inherit;\">Un grand merci! <\/span><\/span><\/span><\/span><\/span><\/span><\/span><\/span><\/span><\/span><\/span><\/span><\/span><\/span><br \/><span style=\"vertical-align: inherit;\"><span style=\"vertical-align: inherit;\"><span style=\"vertical-align: inherit;\"><span style=\"vertical-align: inherit;\"><span style=\"vertical-align: inherit;\"><span style=\"vertical-align: inherit;\"><span style=\"vertical-align: inherit;\"><span style=\"vertical-align: inherit;\"><span style=\"vertical-align: inherit;\"><span style=\"vertical-align: inherit;\"><span style=\"vertical-align: inherit;\"><span style=\"vertical-align: inherit;\"><span style=\"vertical-align: inherit;\"><span style=\"vertical-align: inherit;\">John, Irlande 2018.<\/span><\/span><\/span><\/span><\/span><\/span><\/span><\/span><\/span><\/span><\/span><\/span><\/span><\/span><\/span><\/p>\n<p><span style=\"font-size: medium; font-family: Arial; font-weight: normal; color: #0000ff;\">\u00a0<\/span><\/p>\n<p><span style=\"color: #0000ff;\"><span style=\"font-size: medium; font-family: Arial; font-weight: normal;\"><span style=\"vertical-align: inherit;\"><span style=\"vertical-align: inherit;\"><span style=\"vertical-align: inherit;\"><span style=\"vertical-align: inherit;\"><span style=\"vertical-align: inherit;\"><span style=\"vertical-align: inherit;\"><span style=\"vertical-align: inherit;\"><span style=\"vertical-align: inherit;\"><span style=\"vertical-align: inherit;\"><span style=\"vertical-align: inherit;\"><span style=\"vertical-align: inherit;\"><span style=\"vertical-align: inherit;\"><span style=\"vertical-align: inherit;\"><span style=\"vertical-align: inherit;\">Tout d&rsquo;abord, un grand merci pour tout. <\/span><\/span><\/span><\/span><\/span><\/span><\/span><\/span><\/span><\/span><\/span><\/span><\/span><span style=\"vertical-align: inherit;\"><span style=\"vertical-align: inherit;\"><span style=\"vertical-align: inherit;\"><span style=\"vertical-align: inherit;\"><span style=\"vertical-align: inherit;\"><span style=\"vertical-align: inherit;\"><span style=\"vertical-align: inherit;\"><span style=\"vertical-align: inherit;\"><span style=\"vertical-align: inherit;\"><span style=\"vertical-align: inherit;\"><span style=\"vertical-align: inherit;\"><span style=\"vertical-align: inherit;\"><span style=\"vertical-align: inherit;\">Merci d&rsquo;avoir rendu mon s\u00e9jour agr\u00e9able. <\/span><\/span><\/span><\/span><\/span><\/span><\/span><\/span><\/span><\/span><\/span><\/span><\/span><span style=\"vertical-align: inherit;\"><span style=\"vertical-align: inherit;\"><span style=\"vertical-align: inherit;\"><span style=\"vertical-align: inherit;\"><span style=\"vertical-align: inherit;\"><span style=\"vertical-align: inherit;\"><span style=\"vertical-align: inherit;\"><span style=\"vertical-align: inherit;\"><span style=\"vertical-align: inherit;\"><span style=\"vertical-align: inherit;\"><span style=\"vertical-align: inherit;\"><span style=\"vertical-align: inherit;\"><span style=\"vertical-align: inherit;\">\u00ab\u00a0C\u00f4t\u00e9 Fontaine\u00a0\u00bb vous \u00eates accueilli comme un h\u00f4te et non comme un num\u00e9ro. <\/span><\/span><\/span><\/span><\/span><\/span><\/span><\/span><\/span><\/span><\/span><\/span><\/span><span style=\"vertical-align: inherit;\"><span style=\"vertical-align: inherit;\"><span style=\"vertical-align: inherit;\"><span style=\"vertical-align: inherit;\"><span style=\"vertical-align: inherit;\"><span style=\"vertical-align: inherit;\"><span style=\"vertical-align: inherit;\"><span style=\"vertical-align: inherit;\"><span style=\"vertical-align: inherit;\"><span style=\"vertical-align: inherit;\"><span style=\"vertical-align: inherit;\"><span style=\"vertical-align: inherit;\"><span style=\"vertical-align: inherit;\">Accueil chaleureux, grande disponibilit\u00e9, confort, propret\u00e9 irr\u00e9prochable, je suis sentie comme chez moi. <\/span><\/span><\/span><\/span><\/span><\/span><\/span><\/span><\/span><\/span><\/span><\/span><\/span><span style=\"vertical-align: inherit;\"><span style=\"vertical-align: inherit;\"><span style=\"vertical-align: inherit;\"><span style=\"vertical-align: inherit;\"><span style=\"vertical-align: inherit;\"><span style=\"vertical-align: inherit;\"><span style=\"vertical-align: inherit;\"><span style=\"vertical-align: inherit;\"><span style=\"vertical-align: inherit;\"><span style=\"vertical-align: inherit;\"><span style=\"vertical-align: inherit;\"><span style=\"vertical-align: inherit;\"><span style=\"vertical-align: inherit;\">Votre maison est une maison de tourisme de d\u00e9couvrir la Belgique avec sa riche documentation pour mieux faire et aimer votre pays. <\/span><\/span><\/span><\/span><\/span><\/span><\/span><\/span><\/span><\/span><\/span><\/span><\/span><\/span><\/span><span style=\"vertical-align: inherit;\"><span style=\"font-size: medium; font-family: Arial; font-weight: normal;\"><span style=\"vertical-align: inherit;\"><span style=\"vertical-align: inherit;\"><span style=\"vertical-align: inherit;\"><span style=\"vertical-align: inherit;\"><span style=\"vertical-align: inherit;\"><span style=\"vertical-align: inherit;\"><span style=\"vertical-align: inherit;\"><span style=\"vertical-align: inherit;\"><span style=\"vertical-align: inherit;\"><span style=\"vertical-align: inherit;\"><span style=\"vertical-align: inherit;\"><span style=\"vertical-align: inherit;\"><span style=\"vertical-align: inherit;\">Malgr\u00e9 les circonstances, mon s\u00e9jour est pass\u00e9 tr\u00e8s vite gr\u00e2ce \u00e0 vous deux. <\/span><\/span><\/span><\/span><\/span><\/span><\/span><\/span><\/span><\/span><\/span><\/span><\/span><\/span><span style=\"font-size: medium; font-family: Arial; font-weight: normal;\"><span style=\"vertical-align: inherit;\"><span style=\"vertical-align: inherit;\"><span style=\"vertical-align: inherit;\"><span style=\"vertical-align: inherit;\"><span style=\"vertical-align: inherit;\"><span style=\"vertical-align: inherit;\"><span style=\"vertical-align: inherit;\"><span style=\"vertical-align: inherit;\"><span style=\"vertical-align: inherit;\"><span style=\"vertical-align: inherit;\"><span style=\"vertical-align: inherit;\"><span style=\"vertical-align: inherit;\"><span style=\"vertical-align: inherit;\">Bonne continuation! <\/span><\/span><\/span><\/span><\/span><\/span><\/span><\/span><\/span><\/span><\/span><\/span><\/span><\/span><span style=\"font-size: medium; font-family: Arial; font-weight: normal;\"><span style=\"vertical-align: inherit;\"><span style=\"vertical-align: inherit;\"><span style=\"vertical-align: inherit;\"><span style=\"vertical-align: inherit;\"><span style=\"vertical-align: inherit;\"><span style=\"vertical-align: inherit;\"><span style=\"vertical-align: inherit;\"><span style=\"vertical-align: inherit;\"><span style=\"vertical-align: inherit;\"><span style=\"vertical-align: inherit;\"><span style=\"vertical-align: inherit;\"><span style=\"vertical-align: inherit;\"><span style=\"vertical-align: inherit;\">Tout \u00e9tait parfait. <\/span><\/span><\/span><\/span><\/span><\/span><\/span><\/span><\/span><\/span><\/span><\/span><\/span><\/span><span style=\"font-size: medium; font-family: Arial; font-weight: normal;\"><span style=\"vertical-align: inherit;\"><span style=\"vertical-align: inherit;\"><span style=\"vertical-align: inherit;\"><span style=\"vertical-align: inherit;\"><span style=\"vertical-align: inherit;\"><span style=\"vertical-align: inherit;\"><span style=\"vertical-align: inherit;\"><span style=\"vertical-align: inherit;\"><span style=\"vertical-align: inherit;\"><span style=\"vertical-align: inherit;\"><span style=\"vertical-align: inherit;\"><span style=\"vertical-align: inherit;\"><span style=\"vertical-align: inherit;\">L. Musty. <\/span><\/span><\/span><\/span><\/span><\/span><\/span><\/span><\/span><\/span><\/span><\/span><\/span><\/span><span style=\"font-size: medium; font-family: Arial; font-weight: normal;\"><span style=\"vertical-align: inherit;\"><span style=\"vertical-align: inherit;\"><span style=\"vertical-align: inherit;\"><span style=\"vertical-align: inherit;\"><span style=\"vertical-align: inherit;\"><span style=\"vertical-align: inherit;\"><span style=\"vertical-align: inherit;\"><span style=\"vertical-align: inherit;\"><span style=\"vertical-align: inherit;\"><span style=\"vertical-align: inherit;\"><span style=\"vertical-align: inherit;\"><span style=\"vertical-align: inherit;\"><span style=\"vertical-align: inherit;\">2017<\/span><\/span><\/span><\/span><\/span><\/span><\/span><\/span><\/span><\/span><\/span><\/span><\/span><\/span><\/span><\/span><br \/><span style=\"color: #0000ff; font-size: medium; font-family: Arial; font-weight: normal;\"> <span style=\"vertical-align: inherit;\"><span style=\"vertical-align: inherit;\"><span style=\"vertical-align: inherit;\"><span style=\"vertical-align: inherit;\"><span style=\"vertical-align: inherit;\"><span style=\"vertical-align: inherit;\"><span style=\"vertical-align: inherit;\"><\/span><\/span><\/span><\/span><\/span><\/span><span style=\"vertical-align: inherit;\"><span style=\"vertical-align: inherit;\"><span style=\"vertical-align: inherit;\"><span style=\"vertical-align: inherit;\"><span style=\"vertical-align: inherit;\"><span style=\"vertical-align: inherit;\"><\/span><\/span><\/span><\/span><\/span><\/span><\/span><\/span><\/p>\n<p><span style=\"font-size: medium; font-family: Arial; font-weight: normal; color: #0000ff;\">\u00a0<\/span><\/p>\n<p><span style=\"color: #0000ff;\"><span style=\"font-size: medium; font-family: Arial; font-weight: normal;\"><span style=\"vertical-align: inherit;\"><span style=\"vertical-align: inherit;\"><span style=\"vertical-align: inherit;\"><span style=\"vertical-align: inherit;\"><span style=\"vertical-align: inherit;\"><span style=\"vertical-align: inherit;\"><span style=\"vertical-align: inherit;\"><span style=\"vertical-align: inherit;\"><span style=\"vertical-align: inherit;\"><span style=\"vertical-align: inherit;\">Bonjour Chantal et Pierre, <\/span><\/span><\/span><\/span><\/span><\/span><\/span><\/span><\/span><\/span><\/span><span style=\"vertical-align: inherit;\"><span style=\"font-size: medium; font-family: Arial; font-weight: normal;\"><span style=\"vertical-align: inherit;\"><span style=\"vertical-align: inherit;\"><span style=\"vertical-align: inherit;\"><span style=\"vertical-align: inherit;\"><span style=\"vertical-align: inherit;\"><span style=\"vertical-align: inherit;\"><span style=\"vertical-align: inherit;\"><span style=\"vertical-align: inherit;\"><span style=\"vertical-align: inherit;\">Nous sommes revenus chez nous en France. <\/span><\/span><\/span><\/span><\/span><\/span><\/span><\/span><\/span><\/span><span style=\"font-size: medium; font-family: Arial; font-weight: normal;\"><span style=\"vertical-align: inherit;\"><span style=\"vertical-align: inherit;\"><span style=\"vertical-align: inherit;\"><span style=\"vertical-align: inherit;\"><span style=\"vertical-align: inherit;\"><span style=\"vertical-align: inherit;\"><span style=\"vertical-align: inherit;\"><span style=\"vertical-align: inherit;\"><span style=\"vertical-align: inherit;\">Nous vous remercions pour votre accueil. <\/span><\/span><\/span><\/span><\/span><\/span><\/span><\/span><\/span><\/span><span style=\"font-size: medium; font-family: Arial; font-weight: normal;\"><span style=\"vertical-align: inherit;\"><span style=\"vertical-align: inherit;\"><span style=\"vertical-align: inherit;\"><span style=\"vertical-align: inherit;\"><span style=\"vertical-align: inherit;\"><span style=\"vertical-align: inherit;\"><span style=\"vertical-align: inherit;\"><span style=\"vertical-align: inherit;\"><span style=\"vertical-align: inherit;\">Nous avons pass\u00e9 un superbe week-end et nous sommes tr\u00e8s tr\u00e8s contents de notre visite chez vous. <\/span><\/span><\/span><\/span><\/span><\/span><\/span><\/span><\/span><\/span><span style=\"font-size: medium; font-family: Arial; font-weight: normal;\"><span style=\"vertical-align: inherit;\"><span style=\"vertical-align: inherit;\"><span style=\"vertical-align: inherit;\"><span style=\"vertical-align: inherit;\"><span style=\"vertical-align: inherit;\"><span style=\"vertical-align: inherit;\"><span style=\"vertical-align: inherit;\"><span style=\"vertical-align: inherit;\"><span style=\"vertical-align: inherit;\">Dommage que cela ait \u00e9t\u00e9 si cour. <\/span><\/span><\/span><\/span><\/span><\/span><\/span><\/span><\/span><\/span><span style=\"font-size: medium; font-family: Arial; font-weight: normal;\"><span style=\"vertical-align: inherit;\"><span style=\"vertical-align: inherit;\"><span style=\"vertical-align: inherit;\"><span style=\"vertical-align: inherit;\"><span style=\"vertical-align: inherit;\"><span style=\"vertical-align: inherit;\"><span style=\"vertical-align: inherit;\"><span style=\"vertical-align: inherit;\"><span style=\"vertical-align: inherit;\">Nous vous souhaitons une bonne continuation et ne manquons pas de proposer votre chambre d&rsquo;h\u00f4te. <\/span><\/span><\/span><\/span><\/span><\/span><\/span><\/span><\/span><\/span><span style=\"font-size: medium; font-family: Arial; font-weight: normal;\"><span style=\"vertical-align: inherit;\"><span style=\"vertical-align: inherit;\"><span style=\"vertical-align: inherit;\"><span style=\"vertical-align: inherit;\"><span style=\"vertical-align: inherit;\"><span style=\"vertical-align: inherit;\"><span style=\"vertical-align: inherit;\"><span style=\"vertical-align: inherit;\"><span style=\"vertical-align: inherit;\">Merci encore, bonne journ\u00e9e. <\/span><\/span><\/span><\/span><\/span><\/span><\/span><\/span><\/span><\/span><span style=\"font-size: medium; font-family: Arial; font-weight: normal;\"><span style=\"vertical-align: inherit;\"><span style=\"vertical-align: inherit;\"><span style=\"vertical-align: inherit;\"><span style=\"vertical-align: inherit;\"><span style=\"vertical-align: inherit;\"><span style=\"vertical-align: inherit;\"><span style=\"vertical-align: inherit;\"><span style=\"vertical-align: inherit;\"><span style=\"vertical-align: inherit;\">Cordialement, <\/span><\/span><\/span><\/span><\/span><\/span><\/span><\/span><\/span><\/span><span style=\"font-size: medium; font-family: Arial; font-weight: normal;\"><span style=\"vertical-align: inherit;\"><span style=\"vertical-align: inherit;\"><span style=\"vertical-align: inherit;\"><span style=\"vertical-align: inherit;\"><span style=\"vertical-align: inherit;\"><span style=\"vertical-align: inherit;\"><span style=\"vertical-align: inherit;\"><span style=\"vertical-align: inherit;\"><span style=\"vertical-align: inherit;\">Christine et Alain de MEAUX (77) 2017 <\/span><\/span><\/span><\/span><\/span><\/span><\/span><\/span><\/span><\/span><span style=\"font-size: medium; font-family: Arial; font-weight: normal;\"><span style=\"vertical-align: inherit;\"><span style=\"vertical-align: inherit;\"><span style=\"vertical-align: inherit;\"><span style=\"vertical-align: inherit;\"><span style=\"vertical-align: inherit;\"><span style=\"vertical-align: inherit;\"><span style=\"vertical-align: inherit;\"><span style=\"vertical-align: inherit;\"><span style=\"vertical-align: inherit;\">PS Faites une petite gratouille \u00e0 Zara pour nous.<\/span><\/span><\/span><\/span><\/span><\/span><\/span><\/span><\/span><\/span><\/span><\/span><br \/><span style=\"color: #0000ff; font-size: medium; font-family: Arial; font-weight: normal;\"> <span style=\"vertical-align: inherit;\"><span style=\"vertical-align: inherit;\"><span style=\"vertical-align: inherit;\"><\/span><\/span><\/span><\/span><\/p>\n<p><span style=\"font-size: medium; font-family: Arial; font-weight: normal; color: #0000ff;\">\u00a0<\/span><\/p>\n<p><span style=\"color: #0000ff;\"><span style=\"font-size: medium; font-family: Arial; font-weight: normal;\"><span style=\"vertical-align: inherit;\"><span style=\"vertical-align: inherit;\"><span style=\"vertical-align: inherit;\"><span style=\"vertical-align: inherit;\"><span style=\"vertical-align: inherit;\"><span style=\"vertical-align: inherit;\"><span style=\"vertical-align: inherit;\"><span style=\"vertical-align: inherit;\"><span style=\"vertical-align: inherit;\"><span style=\"vertical-align: inherit;\">Notre s\u00e9jour chez vous en 2017 <\/span><\/span><\/span><\/span><\/span><\/span><\/span><\/span><\/span><\/span><\/span><span style=\"vertical-align: inherit;\"><span style=\"font-size: medium; font-family: Arial; font-weight: normal;\"><span style=\"vertical-align: inherit;\"><span style=\"vertical-align: inherit;\"><span style=\"vertical-align: inherit;\"><span style=\"vertical-align: inherit;\"><span style=\"vertical-align: inherit;\"><span style=\"vertical-align: inherit;\"><span style=\"vertical-align: inherit;\"><span style=\"vertical-align: inherit;\"><span style=\"vertical-align: inherit;\">Bonjour Monsieur Pierre, bonjour Madame Chantal, <\/span><\/span><\/span><\/span><\/span><\/span><\/span><\/span><\/span><\/span><span style=\"font-size: medium; font-family: Arial; font-weight: normal;\"><span style=\"vertical-align: inherit;\"><span style=\"vertical-align: inherit;\"><span style=\"vertical-align: inherit;\"><span style=\"vertical-align: inherit;\"><span style=\"vertical-align: inherit;\"><span style=\"vertical-align: inherit;\"><span style=\"vertical-align: inherit;\"><span style=\"vertical-align: inherit;\"><span style=\"vertical-align: inherit;\">Nous sommes arriv\u00e9s sans encombre chez nous. <\/span><\/span><\/span><\/span><\/span><\/span><\/span><\/span><\/span><\/span><span style=\"font-size: medium; font-family: Arial; font-weight: normal;\"><span style=\"vertical-align: inherit;\"><span style=\"vertical-align: inherit;\"><span style=\"vertical-align: inherit;\"><span style=\"vertical-align: inherit;\"><span style=\"vertical-align: inherit;\"><span style=\"vertical-align: inherit;\"><span style=\"vertical-align: inherit;\"><span style=\"vertical-align: inherit;\"><span style=\"vertical-align: inherit;\">Notre chatte Fanette a bien support\u00e9 le s\u00e9jour en pension, tout va bien. <\/span><\/span><\/span><\/span><\/span><\/span><\/span><\/span><\/span><\/span><span style=\"font-size: medium; font-family: Arial; font-weight: normal;\"><span style=\"vertical-align: inherit;\"><span style=\"vertical-align: inherit;\"><span style=\"vertical-align: inherit;\"><span style=\"vertical-align: inherit;\"><span style=\"vertical-align: inherit;\"><span style=\"vertical-align: inherit;\"><span style=\"vertical-align: inherit;\"><span style=\"vertical-align: inherit;\"><span style=\"vertical-align: inherit;\">Pour votre livre d&rsquo;or nous tenons \u00e0 faire un grand compliment sur votre accueil chaleureux et sympathique. <\/span><\/span><\/span><\/span><\/span><\/span><\/span><\/span><\/span><\/span><span style=\"font-size: medium; font-family: Arial; font-weight: normal;\"><span style=\"vertical-align: inherit;\"><span style=\"vertical-align: inherit;\"><span style=\"vertical-align: inherit;\"><span style=\"vertical-align: inherit;\"><span style=\"vertical-align: inherit;\"><span style=\"vertical-align: inherit;\"><span style=\"vertical-align: inherit;\"><span style=\"vertical-align: inherit;\"><span style=\"vertical-align: inherit;\">Votre chambre d&rsquo;h\u00f4te est tr\u00e8s confortable, tr\u00e8s propre et agenc\u00e9e avec beaucoup de go\u00fbt. <\/span><\/span><\/span><\/span><\/span><\/span><\/span><\/span><\/span><\/span><span style=\"font-size: medium; font-family: Arial; font-weight: normal;\"><span style=\"vertical-align: inherit;\"><span style=\"vertical-align: inherit;\"><span style=\"vertical-align: inherit;\"><span style=\"vertical-align: inherit;\"><span style=\"vertical-align: inherit;\"><span style=\"vertical-align: inherit;\"><span style=\"vertical-align: inherit;\"><span style=\"vertical-align: inherit;\"><span style=\"vertical-align: inherit;\">Vous avez pens\u00e9 \u00e0 beaucoup de d\u00e9tails pour rendre le s\u00e9jour le plus agr\u00e9able possible. <\/span><\/span><\/span><\/span><\/span><\/span><\/span><\/span><\/span><\/span><span style=\"font-size: medium; font-family: Arial; font-weight: normal;\"><span style=\"vertical-align: inherit;\"><span style=\"vertical-align: inherit;\"><span style=\"vertical-align: inherit;\"><span style=\"vertical-align: inherit;\"><span style=\"vertical-align: inherit;\"><span style=\"vertical-align: inherit;\"><span style=\"vertical-align: inherit;\"><span style=\"vertical-align: inherit;\"><span style=\"vertical-align: inherit;\">Quelle performance! <\/span><\/span><\/span><\/span><\/span><\/span><\/span><\/span><\/span><\/span><span style=\"font-size: medium; font-family: Arial; font-weight: normal;\"><span style=\"vertical-align: inherit;\"><span style=\"vertical-align: inherit;\"><span style=\"vertical-align: inherit;\"><span style=\"vertical-align: inherit;\"><span style=\"vertical-align: inherit;\"><span style=\"vertical-align: inherit;\"><span style=\"vertical-align: inherit;\"><span style=\"vertical-align: inherit;\"><span style=\"vertical-align: inherit;\">Le petit d\u00e9jeuner pris dans l&rsquo;ambiance conviviale de votre salle \u00e0 manger nous a beaucoup plu. <\/span><\/span><\/span><\/span><\/span><\/span><\/span><\/span><\/span><\/span><span style=\"font-size: medium; font-family: Arial; font-weight: normal;\"><span style=\"vertical-align: inherit;\"><span style=\"vertical-align: inherit;\"><span style=\"vertical-align: inherit;\"><span style=\"vertical-align: inherit;\"><span style=\"vertical-align: inherit;\"><span style=\"vertical-align: inherit;\"><span style=\"vertical-align: inherit;\"><span style=\"vertical-align: inherit;\"><span style=\"vertical-align: inherit;\">Les diversit\u00e9s de douleurs et de confitures \u00e9taient d\u00e9licieuses. <\/span><\/span><\/span><\/span><\/span><\/span><\/span><\/span><\/span><\/span><span style=\"font-size: medium; font-family: Arial; font-weight: normal;\"><span style=\"vertical-align: inherit;\"><span style=\"vertical-align: inherit;\"><span style=\"vertical-align: inherit;\"><span style=\"vertical-align: inherit;\"><span style=\"vertical-align: inherit;\"><span style=\"vertical-align: inherit;\"><span style=\"vertical-align: inherit;\"><span style=\"vertical-align: inherit;\"><span style=\"vertical-align: inherit;\">Un avis trois \u00e9pis ne suffisent pas.\u00a0<\/span><\/span><\/span><\/span><\/span><\/span><\/span><\/span><\/span><\/span><\/span><\/span><br \/><span style=\"font-size: medium; font-family: Arial; font-weight: normal; color: #0000ff;\"> <span style=\"vertical-align: inherit;\"><span style=\"vertical-align: inherit;\"><span style=\"vertical-align: inherit;\"><\/span><\/span><span style=\"vertical-align: inherit;\"><span style=\"vertical-align: inherit;\"><\/span><\/span><\/span><span style=\"vertical-align: inherit;\"><span style=\"vertical-align: inherit;\"><span style=\"vertical-align: inherit;\"><\/span><\/span><\/span><\/span><br \/><span style=\"color: #0000ff;\"><span style=\"font-size: medium; font-family: Arial; font-weight: normal;\"> <span style=\"vertical-align: inherit;\"><\/span><span style=\"vertical-align: inherit;\"><span style=\"vertical-align: inherit;\"><span style=\"vertical-align: inherit;\"><span style=\"vertical-align: inherit;\"><span style=\"vertical-align: inherit;\"><span style=\"vertical-align: inherit;\"><span style=\"vertical-align: inherit;\"><span style=\"vertical-align: inherit;\"><span style=\"vertical-align: inherit;\"><span style=\"vertical-align: inherit;\">Si l&rsquo;occasion se pr\u00e9sente, c&rsquo;est avec plaisir que nous repasserons chez vous. <\/span><\/span><\/span><\/span><\/span><\/span><\/span><\/span><\/span><\/span><\/span><span style=\"vertical-align: inherit;\"><span style=\"font-size: medium; font-family: Arial; font-weight: normal;\"><span style=\"vertical-align: inherit;\"><span style=\"vertical-align: inherit;\"><span style=\"vertical-align: inherit;\"><span style=\"vertical-align: inherit;\"><span style=\"vertical-align: inherit;\"><span style=\"vertical-align: inherit;\"><span style=\"vertical-align: inherit;\"><span style=\"vertical-align: inherit;\"><span style=\"vertical-align: inherit;\">En attendant, nous vous souhaitons bonne continuation, bon courage et bonne sant\u00e9. <\/span><\/span><\/span><\/span><\/span><\/span><\/span><\/span><\/span><\/span><span style=\"font-size: medium; font-family: Arial; font-weight: normal;\"><span style=\"vertical-align: inherit;\"><span style=\"vertical-align: inherit;\"><span style=\"vertical-align: inherit;\"><span style=\"vertical-align: inherit;\"><span style=\"vertical-align: inherit;\"><span style=\"vertical-align: inherit;\"><span style=\"vertical-align: inherit;\"><span style=\"vertical-align: inherit;\"><span style=\"vertical-align: inherit;\">Meilleures salutations <\/span><\/span><\/span><\/span><\/span><\/span><\/span><\/span><\/span><\/span><span style=\"font-size: medium; font-family: Arial; font-weight: normal;\"><span style=\"vertical-align: inherit;\"><span style=\"vertical-align: inherit;\"><span style=\"vertical-align: inherit;\"><span style=\"vertical-align: inherit;\"><span style=\"vertical-align: inherit;\"><span style=\"vertical-align: inherit;\"><span style=\"vertical-align: inherit;\"><span style=\"vertical-align: inherit;\"><span style=\"vertical-align: inherit;\">Nadia et Karlheinz <\/span><\/span><\/span><\/span><\/span><\/span><\/span><\/span><\/span><\/span><span style=\"font-size: medium; font-family: Arial; font-weight: normal;\"><span style=\"vertical-align: inherit;\"><span style=\"vertical-align: inherit;\"><span style=\"vertical-align: inherit;\"><span style=\"vertical-align: inherit;\"><span style=\"vertical-align: inherit;\"><span style=\"vertical-align: inherit;\"><span style=\"vertical-align: inherit;\"><span style=\"vertical-align: inherit;\"><span style=\"vertical-align: inherit;\">K\u00f6nigslutter, Allemagne, Basse Saxe<\/span><\/span><\/span><\/span><\/span><\/span><\/span><\/span><\/span><\/span><\/span><\/span><br \/><span style=\"color: #0000ff; font-size: medium; font-family: Arial; font-weight: normal;\"> <span style=\"vertical-align: inherit;\"><span style=\"vertical-align: inherit;\"><span style=\"vertical-align: inherit;\"><\/span><\/span><\/span><\/span><\/p>\n<p><span style=\"font-size: medium; font-family: Arial; font-weight: normal; color: #0000ff;\">\u00a0<\/span><\/p>\n<p><span style=\"color: #0000ff;\"><span style=\"font-size: medium; font-family: Arial; font-weight: normal;\"><span style=\"vertical-align: inherit;\"><span style=\"vertical-align: inherit;\"><span style=\"vertical-align: inherit;\"><span style=\"vertical-align: inherit;\"><span style=\"vertical-align: inherit;\"><span style=\"vertical-align: inherit;\"><span style=\"vertical-align: inherit;\"><span style=\"vertical-align: inherit;\"><span style=\"vertical-align: inherit;\"><span style=\"vertical-align: inherit;\">Avec beaucoup de retard, que vous nous pardonnerez, nous sommes certains. <\/span><\/span><\/span><\/span><\/span><\/span><\/span><\/span><\/span><span style=\"vertical-align: inherit;\"><span style=\"vertical-align: inherit;\"><span style=\"vertical-align: inherit;\"><span style=\"vertical-align: inherit;\"><span style=\"vertical-align: inherit;\"><span style=\"vertical-align: inherit;\"><span style=\"vertical-align: inherit;\"><span style=\"vertical-align: inherit;\"><span style=\"vertical-align: inherit;\">Nous souhaitons en quelques mots vous dire que nous avons pass\u00e9 pass\u00e9 chez vous. <\/span><\/span><\/span><\/span><\/span><\/span><\/span><\/span><\/span><\/span><\/span><span style=\"vertical-align: inherit;\"><span style=\"font-size: medium; font-family: Arial; font-weight: normal;\"><span style=\"vertical-align: inherit;\"><span style=\"vertical-align: inherit;\"><span style=\"vertical-align: inherit;\"><span style=\"vertical-align: inherit;\"><span style=\"vertical-align: inherit;\"><span style=\"vertical-align: inherit;\"><span style=\"vertical-align: inherit;\"><span style=\"vertical-align: inherit;\"><span style=\"vertical-align: inherit;\">Nous restons une nuit, nous sommes rest\u00e9s quatre jours en d\u00e9finitive. <\/span><\/span><\/span><\/span><\/span><\/span><\/span><\/span><\/span><\/span><span style=\"font-size: medium; font-family: Arial; font-weight: normal;\"><span style=\"vertical-align: inherit;\"><span style=\"vertical-align: inherit;\"><span style=\"vertical-align: inherit;\"><span style=\"vertical-align: inherit;\"><span style=\"vertical-align: inherit;\"><span style=\"vertical-align: inherit;\"><span style=\"vertical-align: inherit;\"><span style=\"vertical-align: inherit;\"><span style=\"vertical-align: inherit;\">Merci pour votre accueil, votre qualit\u00e9 de guide, les petits d\u00e9jeuners qui s&rsquo;\u00e9ternisent le matin autour de pots de confiture maison, le cdalme de g\u00eete, la propret\u00e9 des lieux et votre grande gentillesse. <\/span><\/span><\/span><\/span><\/span><\/span><\/span><\/span><\/span><\/span><span style=\"font-size: medium; font-family: Arial; font-weight: normal;\"><span style=\"vertical-align: inherit;\"><span style=\"vertical-align: inherit;\"><span style=\"vertical-align: inherit;\"><span style=\"vertical-align: inherit;\"><span style=\"vertical-align: inherit;\"><span style=\"vertical-align: inherit;\"><span style=\"vertical-align: inherit;\"><span style=\"vertical-align: inherit;\"><span style=\"vertical-align: inherit;\">Laurence et Taoufik, r\u00e9gion parisienne, 2015<\/span><\/span><\/span><\/span><\/span><\/span><\/span><\/span><\/span><\/span><\/span><\/span><br \/><span style=\"font-size: medium; font-family: Arial; font-weight: normal; color: #0000ff;\"> <span style=\"vertical-align: inherit;\"><span style=\"vertical-align: inherit;\"><span style=\"vertical-align: inherit;\"><\/span><\/span><\/span><\/span><\/p>\n<p><span style=\"font-size: medium; font-family: Arial; font-weight: normal; color: #0000ff;\">\u00a0<\/span><\/p>\n<p><span style=\"color: #0000ff;\"><span style=\"font-size: medium; font-family: Arial; font-weight: normal;\"><span style=\"vertical-align: inherit;\"><span style=\"vertical-align: inherit;\"><span style=\"vertical-align: inherit;\"><span style=\"vertical-align: inherit;\"><span style=\"vertical-align: inherit;\"><span style=\"vertical-align: inherit;\"><span style=\"vertical-align: inherit;\"><span style=\"vertical-align: inherit;\"><span style=\"vertical-align: inherit;\"><span style=\"vertical-align: inherit;\">De retour dans notre pays, nous faisons un petit bonjour de notre ville Le Mans. <\/span><\/span><\/span><\/span><\/span><\/span><\/span><\/span><\/span><span style=\"vertical-align: inherit;\"><span style=\"vertical-align: inherit;\"><span style=\"vertical-align: inherit;\"><span style=\"vertical-align: inherit;\"><span style=\"vertical-align: inherit;\"><span style=\"vertical-align: inherit;\"><span style=\"vertical-align: inherit;\"><span style=\"vertical-align: inherit;\"><span style=\"vertical-align: inherit;\">Nous avons pass\u00e9 un agr\u00e9able s\u00e9jour en Belgique, dans cette belle province de Namur et dans notre chambre d&rsquo;h\u00f4tes. <\/span><\/span><\/span><\/span><\/span><\/span><\/span><\/span><\/span><span style=\"vertical-align: inherit;\"><span style=\"vertical-align: inherit;\"><span style=\"vertical-align: inherit;\"><span style=\"vertical-align: inherit;\"><span style=\"vertical-align: inherit;\"><span style=\"vertical-align: inherit;\"><span style=\"vertical-align: inherit;\"><span style=\"vertical-align: inherit;\"><span style=\"vertical-align: inherit;\">Votre h\u00e9bergement est excellent: confortable, fonctionnel, bien pens\u00e9, tr\u00e8s propre, calme dans un bel environnement et \u00e0 2 pas de la ville. <\/span><\/span><\/span><\/span><\/span><\/span><\/span><\/span><\/span><span style=\"vertical-align: inherit;\"><span style=\"vertical-align: inherit;\"><span style=\"vertical-align: inherit;\"><span style=\"vertical-align: inherit;\"><span style=\"vertical-align: inherit;\"><span style=\"vertical-align: inherit;\"><span style=\"vertical-align: inherit;\"><span style=\"vertical-align: inherit;\"><span style=\"vertical-align: inherit;\">On s&rsquo;y envoie bien! <\/span><\/span><\/span><\/span><\/span><\/span><\/span><\/span><\/span><span style=\"vertical-align: inherit;\"><span style=\"vertical-align: inherit;\"><span style=\"vertical-align: inherit;\"><span style=\"vertical-align: inherit;\"><span style=\"vertical-align: inherit;\"><span style=\"vertical-align: inherit;\"><span style=\"vertical-align: inherit;\"><span style=\"vertical-align: inherit;\"><span style=\"vertical-align: inherit;\">Le petit d\u00e9jeuner complet est \u00e0 l&rsquo;image pr\u00e9par\u00e9e avec soins. <\/span><\/span><\/span><\/span><\/span><\/span><\/span><\/span><\/span><span style=\"vertical-align: inherit;\"><span style=\"vertical-align: inherit;\"><span style=\"vertical-align: inherit;\"><span style=\"vertical-align: inherit;\"><span style=\"vertical-align: inherit;\"><span style=\"vertical-align: inherit;\"><span style=\"vertical-align: inherit;\"><span style=\"vertical-align: inherit;\"><span style=\"vertical-align: inherit;\">Dans la partie commune, les mises \u00e0 disposition de l&rsquo;indispensable et de la documentation diverse sont claires et nettes &#8230; Merci aussi pour votre accueil, vos suggestions et votre simplicit\u00e9, votre discr\u00e9tion et votre authenticit\u00e9. <\/span><\/span><\/span><\/span><\/span><\/span><\/span><\/span><\/span><\/span><\/span><span style=\"vertical-align: inherit;\"><span style=\"font-size: medium; font-family: Arial; font-weight: normal;\"><span style=\"vertical-align: inherit;\"><span style=\"vertical-align: inherit;\"><span style=\"vertical-align: inherit;\"><span style=\"vertical-align: inherit;\"><span style=\"vertical-align: inherit;\"><span style=\"vertical-align: inherit;\"><span style=\"vertical-align: inherit;\"><span style=\"vertical-align: inherit;\"><span style=\"vertical-align: inherit;\">Avec notre bon souvenir, Ghislaine et Christian 2015<\/span><\/span><\/span><\/span><\/span><\/span><\/span><\/span><\/span><\/span><\/span><\/span><br \/><span style=\"color: #0000ff; font-size: medium; font-family: Arial; font-weight: normal;\"> <span style=\"vertical-align: inherit;\"><span style=\"vertical-align: inherit;\"><span style=\"vertical-align: inherit;\"><\/span><\/span><\/span><\/span><\/p>\n<p><span style=\"font-size: medium; font-family: Arial; font-weight: normal; color: #0000ff;\">\u00a0<\/span><\/p>\n<p><span style=\"color: #0000ff;\"><span style=\"font-size: medium; font-family: Arial; font-weight: normal;\"><span style=\"vertical-align: inherit;\"><span style=\"vertical-align: inherit;\"><span style=\"vertical-align: inherit;\"><span style=\"vertical-align: inherit;\"><span style=\"vertical-align: inherit;\"><span style=\"vertical-align: inherit;\"><span style=\"vertical-align: inherit;\"><span style=\"vertical-align: inherit;\">Bonjour Chantal et Pierre, <\/span><\/span><\/span><\/span><\/span><\/span><\/span><\/span><\/span><span style=\"vertical-align: inherit;\"><span style=\"font-size: medium; font-family: Arial; font-weight: normal;\"><span style=\"vertical-align: inherit;\"><span style=\"vertical-align: inherit;\"><span style=\"vertical-align: inherit;\"><span style=\"vertical-align: inherit;\"><span style=\"vertical-align: inherit;\"><span style=\"vertical-align: inherit;\"><span style=\"vertical-align: inherit;\">Juste un petit mot pour vous remercier de votre accueil. <\/span><\/span><\/span><\/span><\/span><\/span><\/span><\/span><span style=\"font-size: medium; font-family: Arial; font-weight: normal;\"><span style=\"vertical-align: inherit;\"><span style=\"vertical-align: inherit;\"><span style=\"vertical-align: inherit;\"><span style=\"vertical-align: inherit;\"><span style=\"vertical-align: inherit;\"><span style=\"vertical-align: inherit;\"><span style=\"vertical-align: inherit;\">NOS argentins ont bien aim\u00e9 la N4 jusqu&rsquo;au Luxembourg.Nous avons pu faire une petite visite de la ville et sont bien rentr\u00e9s sur Paris.Tr\u00e8s heureux d&rsquo;avoir fait votre connaissance. <\/span><\/span><\/span><\/span><\/span><\/span><\/span><\/span><span style=\"font-size: medium; font-family: Arial; font-weight: normal;\"><span style=\"vertical-align: inherit;\"><span style=\"vertical-align: inherit;\"><span style=\"vertical-align: inherit;\"><span style=\"vertical-align: inherit;\"><span style=\"vertical-align: inherit;\"><span style=\"vertical-align: inherit;\"><span style=\"vertical-align: inherit;\">Christian et Claude 2014<\/span><\/span><\/span><\/span><\/span><\/span><\/span><\/span><\/span><\/span><br \/><span style=\"color: #0000ff; font-size: medium; font-family: Arial; font-weight: normal;\"> <span style=\"vertical-align: inherit;\"><span style=\"vertical-align: inherit;\"><span style=\"vertical-align: inherit;\"><\/span><\/span><\/span><\/span><\/p>\n<p><span style=\"font-size: medium; font-family: Arial; font-weight: normal; color: #0000ff;\">\u00a0<\/span><\/p>\n<p><span style=\"color: #0000ff; font-size: medium; font-family: Arial; font-weight: normal;\"><span style=\"vertical-align: inherit;\"><span style=\"vertical-align: inherit;\"><span style=\"vertical-align: inherit;\"><span style=\"vertical-align: inherit;\"><span style=\"vertical-align: inherit;\"><span style=\"vertical-align: inherit;\"><span style=\"vertical-align: inherit;\"><span style=\"vertical-align: inherit;\">Cher Pierre et Chantal, je voudrais encore une fois vous remercier pour l&rsquo;hospitalit\u00e9 incroyable et l&rsquo;accueil chaleureux que vous avez r\u00e9serv\u00e9 pour nos vacances qui avait une valeur incroyable par nous. <\/span><\/span><\/span><\/span><\/span><\/span><\/span><span style=\"vertical-align: inherit;\"><span style=\"vertical-align: inherit;\"><span style=\"vertical-align: inherit;\"><span style=\"vertical-align: inherit;\"><span style=\"vertical-align: inherit;\"><span style=\"vertical-align: inherit;\"><span style=\"vertical-align: inherit;\">Un merci sp\u00e9cial \u00e0 Pierre pour les indications utiles pour nous faire d\u00e9couvrir la Belgique. <\/span><\/span><\/span><\/span><\/span><\/span><\/span><span style=\"vertical-align: inherit;\"><span style=\"vertical-align: inherit;\"><span style=\"vertical-align: inherit;\"><span style=\"vertical-align: inherit;\"><span style=\"vertical-align: inherit;\"><span style=\"vertical-align: inherit;\"><span style=\"vertical-align: inherit;\">Vous pouvez \u00eatre consid\u00e9r\u00e9 comme parlant de vous bien, et certainement de l&rsquo;Italie peut \u00eatre consid\u00e9r\u00e9 comme ayant deux nouveaux amis. <\/span><\/span><\/span><\/span><\/span><\/span><\/span><span style=\"vertical-align: inherit;\"><span style=\"vertical-align: inherit;\"><span style=\"vertical-align: inherit;\"><span style=\"vertical-align: inherit;\"><span style=\"vertical-align: inherit;\"><span style=\"vertical-align: inherit;\"><span style=\"vertical-align: inherit;\">Luc et Cristian, Corr\u00e8ge (RE), Italie 2014<\/span><\/span><\/span><\/span><\/span><\/span><\/span><\/span><\/span><\/p>\n<p><span style=\"font-size: medium; font-family: Arial; font-weight: normal; color: #0000ff;\">\u00a0<\/span><\/p>\n<p><span style=\"color: #0000ff;\"><span style=\"font-size: medium; font-family: Arial; font-weight: normal;\"><span style=\"vertical-align: inherit;\"><span style=\"vertical-align: inherit;\"><span style=\"vertical-align: inherit;\"><span style=\"vertical-align: inherit;\"><span style=\"vertical-align: inherit;\"><span style=\"vertical-align: inherit;\"><span style=\"vertical-align: inherit;\"><span style=\"vertical-align: inherit;\"><span style=\"vertical-align: inherit;\"><span style=\"vertical-align: inherit;\">Bonsoir Pierre et Chantal <\/span><\/span><\/span><\/span><\/span><\/span><\/span><\/span><\/span><\/span><\/span><span style=\"vertical-align: inherit;\"><span style=\"font-size: medium; font-family: Arial; font-weight: normal;\"><span style=\"vertical-align: inherit;\"><span style=\"vertical-align: inherit;\"><span style=\"vertical-align: inherit;\"><span style=\"vertical-align: inherit;\"><span style=\"vertical-align: inherit;\"><span style=\"vertical-align: inherit;\"><span style=\"vertical-align: inherit;\"><span style=\"vertical-align: inherit;\"><span style=\"vertical-align: inherit;\">Juste un petit mot pour vous remercier pour votre aide et gentillesse pendentif mon s\u00e9jour \u00e0 Namur r\u00e9cemment.J&rsquo;aime beaucoup mes vacances en Belgique, c&rsquo;est un petit pays avec un grand c\u0153ur, c&rsquo;est mon pays d &lsquo; adoption!! <\/span><\/span><\/span><\/span><\/span><\/span><\/span><\/span><\/span><\/span><span style=\"font-size: medium; font-family: Arial; font-weight: normal;\"><span style=\"vertical-align: inherit;\"><span style=\"vertical-align: inherit;\"><span style=\"vertical-align: inherit;\"><span style=\"vertical-align: inherit;\"><span style=\"vertical-align: inherit;\"><span style=\"vertical-align: inherit;\"><span style=\"vertical-align: inherit;\"><span style=\"vertical-align: inherit;\"><span style=\"vertical-align: inherit;\">Je vais soutenir les diables rouges dans la Coupe du Monde en juin! <\/span><\/span><\/span><\/span><\/span><\/span><\/span><\/span><\/span><\/span><span style=\"font-size: medium; font-family: Arial; font-weight: normal;\"><span style=\"vertical-align: inherit;\"><span style=\"vertical-align: inherit;\"><span style=\"vertical-align: inherit;\"><span style=\"vertical-align: inherit;\"><span style=\"vertical-align: inherit;\"><span style=\"vertical-align: inherit;\"><span style=\"vertical-align: inherit;\"><span style=\"vertical-align: inherit;\"><span style=\"vertical-align: inherit;\">Merci encore pour tout et je vous souhaite une bonne saison d&rsquo;\u00e9t\u00e9. <\/span><\/span><\/span><\/span><\/span><\/span><\/span><\/span><\/span><\/span><span style=\"font-size: medium; font-family: Arial; font-weight: normal;\"><span style=\"vertical-align: inherit;\"><span style=\"vertical-align: inherit;\"><span style=\"vertical-align: inherit;\"><span style=\"vertical-align: inherit;\"><span style=\"vertical-align: inherit;\"><span style=\"vertical-align: inherit;\"><span style=\"vertical-align: inherit;\"><span style=\"vertical-align: inherit;\"><span style=\"vertical-align: inherit;\">Meilleurs v\u0153ux \u00e0 tous! <\/span><\/span><\/span><\/span><\/span><\/span><\/span><\/span><\/span><\/span><span style=\"font-size: medium; font-family: Arial; font-weight: normal;\"><span style=\"vertical-align: inherit;\"><span style=\"vertical-align: inherit;\"><span style=\"vertical-align: inherit;\"><span style=\"vertical-align: inherit;\"><span style=\"vertical-align: inherit;\"><span style=\"vertical-align: inherit;\"><span style=\"vertical-align: inherit;\"><span style=\"vertical-align: inherit;\"><span style=\"vertical-align: inherit;\">John, Irlande. <\/span><\/span><\/span><\/span><\/span><\/span><\/span><\/span><\/span><\/span><span style=\"font-size: medium; font-family: Arial; font-weight: normal;\"><span style=\"vertical-align: inherit;\"><span style=\"vertical-align: inherit;\"><span style=\"vertical-align: inherit;\"><span style=\"vertical-align: inherit;\"><span style=\"vertical-align: inherit;\"><span style=\"vertical-align: inherit;\"><span style=\"vertical-align: inherit;\"><span style=\"vertical-align: inherit;\"><span style=\"vertical-align: inherit;\">2014<\/span><\/span><\/span><\/span><\/span><\/span><\/span><\/span><\/span><\/span><\/span><\/span><br \/><span style=\"color: #0000ff; font-size: medium; font-family: Arial; font-weight: normal;\"> <span style=\"vertical-align: inherit;\"><span style=\"vertical-align: inherit;\"><span style=\"vertical-align: inherit;\"><\/span><\/span><span style=\"vertical-align: inherit;\"><span style=\"vertical-align: inherit;\"><\/span><\/span><span style=\"vertical-align: inherit;\"><span style=\"vertical-align: inherit;\"><\/span><\/span><\/span><\/span><br \/><span style=\"color: #0000ff; font-size: medium; font-family: Arial; font-weight: normal;\"> <span style=\"vertical-align: inherit;\"><span style=\"vertical-align: inherit;\"><span style=\"vertical-align: inherit;\"><\/span><\/span><span style=\"vertical-align: inherit;\"><span style=\"vertical-align: inherit;\"><\/span><\/span><span style=\"vertical-align: inherit;\"><span style=\"vertical-align: inherit;\"><\/span><\/span><\/span><\/span><\/p>\n<p><span style=\"font-size: medium; font-family: Arial; font-weight: normal; color: #0000ff;\">\u00a0<\/span><\/p>\n<p><span style=\"color: #0000ff;\"><span style=\"font-size: medium; font-family: Arial; font-weight: normal;\"><span style=\"vertical-align: inherit;\"><span style=\"vertical-align: inherit;\"><span style=\"vertical-align: inherit;\"><span style=\"vertical-align: inherit;\"><span style=\"vertical-align: inherit;\"><span style=\"vertical-align: inherit;\"><span style=\"vertical-align: inherit;\"><span style=\"vertical-align: inherit;\"><span style=\"vertical-align: inherit;\"><span style=\"vertical-align: inherit;\">J&rsquo;ai pass\u00e9 un magnifique s\u00e9jour dans l&rsquo;une de vos chambres d&rsquo;h\u00f4tes m\u00eame si la m\u00e9t\u00e9o n&rsquo;\u00e9tait pas tr\u00e8s cl\u00e9mente. <\/span><\/span><\/span><\/span><\/span><\/span><\/span><\/span><\/span><span style=\"vertical-align: inherit;\"><span style=\"vertical-align: inherit;\"><span style=\"vertical-align: inherit;\"><span style=\"vertical-align: inherit;\"><span style=\"vertical-align: inherit;\"><span style=\"vertical-align: inherit;\"><span style=\"vertical-align: inherit;\"><span style=\"vertical-align: inherit;\"><span style=\"vertical-align: inherit;\">Je vous remercie pour votre accueil ainsi que vos suggestions de visites <\/span><\/span><\/span><\/span><\/span><\/span><\/span><\/span><\/span><\/span><\/span><span style=\"vertical-align: inherit;\"><span style=\"font-size: medium; font-family: Arial; font-weight: normal;\"><span style=\"vertical-align: inherit;\"><span style=\"vertical-align: inherit;\"><span style=\"vertical-align: inherit;\"><span style=\"vertical-align: inherit;\"><span style=\"vertical-align: inherit;\"><span style=\"vertical-align: inherit;\"><span style=\"vertical-align: inherit;\"><span style=\"vertical-align: inherit;\"><span style=\"vertical-align: inherit;\">Laurence, Suisse 2013.<\/span><\/span><\/span><\/span><\/span><\/span><\/span><\/span><\/span><\/span><\/span><\/span><br \/><span style=\"color: #0000ff; font-size: medium; font-family: Arial; font-weight: normal;\"> <span style=\"vertical-align: inherit;\"><span style=\"vertical-align: inherit;\"><span style=\"vertical-align: inherit;\"><\/span><\/span><\/span><\/span><\/p>\n<p><span style=\"font-size: medium; font-family: Arial; font-weight: normal; color: #0000ff;\">\u00a0<\/span><\/p>\n<p><span style=\"color: #0000ff; font-size: medium; font-family: Arial; font-weight: normal;\"><span style=\"vertical-align: inherit;\"><span style=\"vertical-align: inherit;\"><span style=\"vertical-align: inherit;\"><span style=\"vertical-align: inherit;\"><span style=\"vertical-align: inherit;\"><span style=\"vertical-align: inherit;\"><span style=\"vertical-align: inherit;\"><span style=\"vertical-align: inherit;\"><span style=\"vertical-align: inherit;\"><span style=\"vertical-align: inherit;\">Je vous remercie pour le bon accueil, la propret\u00e9, le bon petit d\u00e9jeuner.Nous reviendrons et nous ferons de la bonne publicit\u00e9 pour vos chambres d&rsquo;h\u00f4tes. <\/span><\/span><\/span><\/span><\/span><\/span><\/span><span style=\"vertical-align: inherit;\"><span style=\"vertical-align: inherit;\"><span style=\"vertical-align: inherit;\"><span style=\"vertical-align: inherit;\"><span style=\"vertical-align: inherit;\"><span style=\"vertical-align: inherit;\"><span style=\"vertical-align: inherit;\">M. et Mme Lasseure, France 2013.<\/span><\/span><\/span><\/span><\/span><\/span><\/span><\/span><\/span><\/span><\/span><\/p>\n<p><span style=\"color: #0000ff;\"><span style=\"font-size: medium; font-family: Arial; font-weight: normal;\"><span style=\"vertical-align: inherit;\"><span style=\"vertical-align: inherit;\"><span style=\"vertical-align: inherit;\"><span style=\"vertical-align: inherit;\"><span style=\"vertical-align: inherit;\"><span style=\"vertical-align: inherit;\"><span style=\"vertical-align: inherit;\"><span style=\"vertical-align: inherit;\"><span style=\"vertical-align: inherit;\"><span style=\"vertical-align: inherit;\">Voyageur, si tu me lis et que tu d\u00e9sires visiter la Wallonie, surtout n&rsquo;h\u00e9site pas; <\/span><\/span><\/span><\/span><\/span><\/span><\/span><\/span><\/span><span style=\"vertical-align: inherit;\"><span style=\"vertical-align: inherit;\"><span style=\"vertical-align: inherit;\"><span style=\"vertical-align: inherit;\"><span style=\"vertical-align: inherit;\"><span style=\"vertical-align: inherit;\"><span style=\"vertical-align: inherit;\"><span style=\"vertical-align: inherit;\"><span style=\"vertical-align: inherit;\">Chantal et Pierre t&rsquo;accueilleront dans leur chambre d&rsquo;H\u00f4tes \u00e0 \u00abCot\u00e9 fontaine\u00bb, avec toute la chaleur qui habite le peuple belge. <\/span><\/span><\/span><\/span><\/span><\/span><\/span><\/span><\/span><span style=\"vertical-align: inherit;\"><span style=\"vertical-align: inherit;\"><span style=\"vertical-align: inherit;\"><span style=\"vertical-align: inherit;\"><span style=\"vertical-align: inherit;\"><span style=\"vertical-align: inherit;\"><span style=\"vertical-align: inherit;\"><span style=\"vertical-align: inherit;\"><span style=\"vertical-align: inherit;\">En ce qui nous concerne, nous nous rendons et nous rendons \u00e0 nous la possibilit\u00e9, le bonheur de faire d\u00e9couvrir \u00e0 nos enfants tout ce que nous avons vu notre s\u00e9jour. <\/span><\/span><\/span><\/span><\/span><\/span><\/span><\/span><\/span><span style=\"vertical-align: inherit;\"><span style=\"vertical-align: inherit;\"><span style=\"vertical-align: inherit;\"><span style=\"vertical-align: inherit;\"><span style=\"vertical-align: inherit;\"><span style=\"vertical-align: inherit;\"><span style=\"vertical-align: inherit;\"><span style=\"vertical-align: inherit;\"><span style=\"vertical-align: inherit;\">Nous avions l&rsquo;impression d&rsquo;\u00eatre en famille. <\/span><\/span><\/span><\/span><\/span><\/span><\/span><\/span><\/span><\/span><\/span><span style=\"vertical-align: inherit;\"><span style=\"font-size: medium; font-family: Arial; font-weight: normal;\"><span style=\"vertical-align: inherit;\"><span style=\"vertical-align: inherit;\"><span style=\"vertical-align: inherit;\"><span style=\"vertical-align: inherit;\"><span style=\"vertical-align: inherit;\"><span style=\"vertical-align: inherit;\"><span style=\"vertical-align: inherit;\"><span style=\"vertical-align: inherit;\"><span style=\"vertical-align: inherit;\">Alain et Marijo les bretons-picards 2011<\/span><\/span><\/span><\/span><\/span><\/span><\/span><\/span><\/span><\/span><\/span><\/span><br \/><span style=\"color: #0000ff; font-size: medium; font-family: Arial; font-weight: normal;\"> <span style=\"vertical-align: inherit;\"><span style=\"vertical-align: inherit;\"><span style=\"vertical-align: inherit;\"><\/span><\/span><\/span><\/span><\/p>\n<p><span style=\"font-size: medium; font-family: Arial; font-weight: normal; color: #0000ff;\">\u00a0<\/span><\/p>\n<p><span style=\"color: #0000ff;\"><span style=\"font-size: medium; font-family: Arial; font-weight: normal;\"><span style=\"vertical-align: inherit;\"><span style=\"vertical-align: inherit;\"><span style=\"vertical-align: inherit;\"><span style=\"vertical-align: inherit;\"><span style=\"vertical-align: inherit;\"><span style=\"vertical-align: inherit;\"><span style=\"vertical-align: inherit;\"><span style=\"vertical-align: inherit;\"><span style=\"vertical-align: inherit;\"><span style=\"vertical-align: inherit;\">Aimez-vous loger dans le silence et la paix d&rsquo;un petit hameau, o\u00f9 le seul bruit le matin est le chant des merles? <\/span><\/span><\/span><\/span><\/span><\/span><\/span><\/span><\/span><span style=\"vertical-align: inherit;\"><span style=\"vertical-align: inherit;\"><span style=\"vertical-align: inherit;\"><span style=\"vertical-align: inherit;\"><span style=\"vertical-align: inherit;\"><span style=\"vertical-align: inherit;\"><span style=\"vertical-align: inherit;\"><span style=\"vertical-align: inherit;\"><span style=\"vertical-align: inherit;\">A dix minutes en voiture de la grande ville de Namur, qui vous propose deux jours de plaisirs touristiques? <\/span><\/span><\/span><\/span><\/span><\/span><\/span><\/span><\/span><span style=\"vertical-align: inherit;\"><span style=\"vertical-align: inherit;\"><span style=\"vertical-align: inherit;\"><span style=\"vertical-align: inherit;\"><span style=\"vertical-align: inherit;\"><span style=\"vertical-align: inherit;\"><span style=\"vertical-align: inherit;\"><span style=\"vertical-align: inherit;\"><span style=\"vertical-align: inherit;\">Prendre un petit d\u00e9jeuner d\u00e9licieux, fait de petits pains fra\u00eechement cuits et de confitures et de yaourts maison, en compagnie d&rsquo;un h\u00f4te extr\u00eamement agr\u00e9able, qui est pr\u00eat \u00e0 vous aider avec d&rsquo;excellents tuyaux pour votre s\u00e9jour? <\/span><\/span><\/span><\/span><\/span><\/span><\/span><span style=\"vertical-align: inherit;\"><span style=\"vertical-align: inherit;\"><span style=\"vertical-align: inherit;\"><span style=\"vertical-align: inherit;\"><span style=\"vertical-align: inherit;\"><span style=\"vertical-align: inherit;\"><span style=\"vertical-align: inherit;\">Si votre r\u00e9ponse est \u00aboui\u00bb, j&rsquo;ai une adresse qui vous conviendra parfaitement: Rue de la Fontaine, 43, \u00e0 Cognel\u00e9e, en Wallonie. <\/span><\/span><\/span><\/span><\/span><\/span><\/span><\/span><\/span><span style=\"vertical-align: inherit;\"><span style=\"vertical-align: inherit;\"><span style=\"vertical-align: inherit;\"><span style=\"vertical-align: inherit;\"><span style=\"vertical-align: inherit;\"><span style=\"vertical-align: inherit;\"><span style=\"vertical-align: inherit;\"><span style=\"vertical-align: inherit;\"><span style=\"vertical-align: inherit;\">Vous n&rsquo;allez pas le regretter! <\/span><\/span><\/span><\/span><\/span><\/span><\/span><\/span><\/span><span style=\"vertical-align: inherit;\"><span style=\"vertical-align: inherit;\"><span style=\"vertical-align: inherit;\"><span style=\"vertical-align: inherit;\"><span style=\"vertical-align: inherit;\"><span style=\"vertical-align: inherit;\"><span style=\"vertical-align: inherit;\"><span style=\"vertical-align: inherit;\"><span style=\"vertical-align: inherit;\">Monsieur Pierre, merci encore! <\/span><\/span><\/span><\/span><\/span><\/span><\/span><\/span><\/span><\/span><\/span><span style=\"vertical-align: inherit;\"><span style=\"font-size: medium; font-family: Arial; font-weight: normal;\"><span style=\"vertical-align: inherit;\"><span style=\"vertical-align: inherit;\"><span style=\"vertical-align: inherit;\"><span style=\"vertical-align: inherit;\"><span style=\"vertical-align: inherit;\"><span style=\"vertical-align: inherit;\"><span style=\"vertical-align: inherit;\"><span style=\"vertical-align: inherit;\"><span style=\"vertical-align: inherit;\">Teddy de Haan, Raalte, Pays-Bas<\/span><\/span><\/span><\/span><\/span><\/span><\/span><\/span><\/span><\/span><\/span><\/span><br \/><span style=\"color: #0000ff; font-size: medium; font-family: Arial; font-weight: normal;\"> <span style=\"vertical-align: inherit;\"><span style=\"vertical-align: inherit;\"><span style=\"vertical-align: inherit;\"><\/span><\/span><\/span><\/span><\/p>\n<p><span style=\"font-size: medium; font-family: Arial; font-weight: normal; color: #0000ff;\">\u00a0<\/span><\/p>\n<p><span style=\"color: #0000ff;\"><span style=\"font-size: medium; font-family: Arial; font-weight: normal;\"><span style=\"vertical-align: inherit;\"><span style=\"vertical-align: inherit;\"><span style=\"vertical-align: inherit;\"><span style=\"vertical-align: inherit;\"><span style=\"vertical-align: inherit;\"><span style=\"vertical-align: inherit;\"><span style=\"vertical-align: inherit;\"><span style=\"vertical-align: inherit;\"><span style=\"vertical-align: inherit;\"><span style=\"vertical-align: inherit;\">Nous sommes d\u00e9j\u00e0 pass\u00e9s 4 fois dans votre B &amp; B. <\/span><\/span><\/span><\/span><\/span><\/span><\/span><\/span><\/span><span style=\"vertical-align: inherit;\"><span style=\"vertical-align: inherit;\"><span style=\"vertical-align: inherit;\"><span style=\"vertical-align: inherit;\"><span style=\"vertical-align: inherit;\"><span style=\"vertical-align: inherit;\"><span style=\"vertical-align: inherit;\"><span style=\"vertical-align: inherit;\"><span style=\"vertical-align: inherit;\">Et si nous revenons, c&rsquo;est parce que c&rsquo;est tr\u00e8s bien. <\/span><\/span><\/span><\/span><\/span><\/span><\/span><\/span><\/span><span style=\"vertical-align: inherit;\"><span style=\"vertical-align: inherit;\"><span style=\"vertical-align: inherit;\"><span style=\"vertical-align: inherit;\"><span style=\"vertical-align: inherit;\"><span style=\"vertical-align: inherit;\"><span style=\"vertical-align: inherit;\"><span style=\"vertical-align: inherit;\"><span style=\"vertical-align: inherit;\">L&rsquo;accueil est chaleureux. <\/span><\/span><\/span><\/span><\/span><\/span><\/span><\/span><\/span><span style=\"vertical-align: inherit;\"><span style=\"vertical-align: inherit;\"><span style=\"vertical-align: inherit;\"><span style=\"vertical-align: inherit;\"><span style=\"vertical-align: inherit;\"><span style=\"vertical-align: inherit;\"><span style=\"vertical-align: inherit;\"><span style=\"vertical-align: inherit;\"><span style=\"vertical-align: inherit;\">Les chambres sont accueillantes, nettes, et se trouve tout ce que vous avez besoin. <\/span><\/span><\/span><\/span><\/span><\/span><\/span><\/span><\/span><span style=\"vertical-align: inherit;\"><span style=\"vertical-align: inherit;\"><span style=\"vertical-align: inherit;\"><span style=\"vertical-align: inherit;\"><span style=\"vertical-align: inherit;\"><span style=\"vertical-align: inherit;\"><span style=\"vertical-align: inherit;\"><span style=\"vertical-align: inherit;\"><span style=\"vertical-align: inherit;\">On y trouve le calme du village, la proximit\u00e9 de la ville, le d\u00e9jeuner d\u00e9licieux et copieux. <\/span><\/span><\/span><\/span><\/span><\/span><\/span><\/span><\/span><span style=\"vertical-align: inherit;\"><span style=\"vertical-align: inherit;\"><span style=\"vertical-align: inherit;\"><span style=\"vertical-align: inherit;\"><span style=\"vertical-align: inherit;\"><span style=\"vertical-align: inherit;\"><span style=\"vertical-align: inherit;\"><span style=\"vertical-align: inherit;\"><span style=\"vertical-align: inherit;\">Nous recommandons tr\u00e8s fort !!! <\/span><\/span><\/span><\/span><\/span><\/span><\/span><\/span><\/span><\/span><\/span><span style=\"vertical-align: inherit;\"><span style=\"font-size: medium; font-family: Arial; font-weight: normal;\"><span style=\"vertical-align: inherit;\"><span style=\"vertical-align: inherit;\"><span style=\"vertical-align: inherit;\"><span style=\"vertical-align: inherit;\"><span style=\"vertical-align: inherit;\"><span style=\"vertical-align: inherit;\"><span style=\"vertical-align: inherit;\"><span style=\"vertical-align: inherit;\"><span style=\"vertical-align: inherit;\">Andries W. Vlaanderen<\/span><\/span><\/span><\/span><\/span><\/span><\/span><\/span><\/span><\/span><\/span><\/span><br \/><span style=\"color: #0000ff; font-size: medium; font-family: Arial; font-weight: normal;\"> <span style=\"vertical-align: inherit;\"><span style=\"vertical-align: inherit;\"><span style=\"vertical-align: inherit;\"><\/span><\/span><\/span><\/span><\/p>\n<p><span style=\"font-size: medium; font-family: Arial; font-weight: normal; color: #0000ff;\">\u00a0<\/span><\/p>\n<p><span style=\"color: #0000ff;\"><span style=\"font-size: medium; font-family: Arial; font-weight: normal;\"><span style=\"vertical-align: inherit;\"><span style=\"vertical-align: inherit;\"><span style=\"vertical-align: inherit;\"><span style=\"vertical-align: inherit;\"><span style=\"vertical-align: inherit;\"><span style=\"vertical-align: inherit;\"><span style=\"vertical-align: inherit;\"><span style=\"vertical-align: inherit;\"><span style=\"vertical-align: inherit;\"><span style=\"vertical-align: inherit;\">Nous avons pass\u00e9 un excellent s\u00e9jour dans cette chambre d&rsquo;h\u00f4tes tr\u00e8s agr\u00e9able. <\/span><\/span><\/span><\/span><\/span><\/span><\/span><\/span><\/span><span style=\"vertical-align: inherit;\"><span style=\"vertical-align: inherit;\"><span style=\"vertical-align: inherit;\"><span style=\"vertical-align: inherit;\"><span style=\"vertical-align: inherit;\"><span style=\"vertical-align: inherit;\"><span style=\"vertical-align: inherit;\"><span style=\"vertical-align: inherit;\"><span style=\"vertical-align: inherit;\">Les chambres sont joliment d\u00e9cor\u00e9es et fonctionnelles, la salle de bains est spacieuse et briqu\u00e9e chaque jour. <\/span><\/span><\/span><\/span><\/span><\/span><\/span><\/span><\/span><span style=\"vertical-align: inherit;\"><span style=\"vertical-align: inherit;\"><span style=\"vertical-align: inherit;\"><span style=\"vertical-align: inherit;\"><span style=\"vertical-align: inherit;\"><span style=\"vertical-align: inherit;\"><span style=\"vertical-align: inherit;\"><span style=\"vertical-align: inherit;\"><span style=\"vertical-align: inherit;\">Le petit d\u00e9jeuner est copieux et vari\u00e9 (d\u00e9licieuses confitures maisons et sp\u00e9cialit\u00e9s r\u00e9gionales). <\/span><\/span><\/span><\/span><\/span><\/span><\/span><\/span><\/span><span style=\"vertical-align: inherit;\"><span style=\"vertical-align: inherit;\"><span style=\"vertical-align: inherit;\"><span style=\"vertical-align: inherit;\"><span style=\"vertical-align: inherit;\"><span style=\"vertical-align: inherit;\"><span style=\"vertical-align: inherit;\"><span style=\"vertical-align: inherit;\"><span style=\"vertical-align: inherit;\">L&rsquo;accueil des propri\u00e9taires est chaleureux et de bon conseil quant aux visites \u00e0 faire. <\/span><\/span><\/span><\/span><\/span><\/span><\/span><\/span><\/span><span style=\"vertical-align: inherit;\"><span style=\"vertical-align: inherit;\"><span style=\"vertical-align: inherit;\"><span style=\"vertical-align: inherit;\"><span style=\"vertical-align: inherit;\"><span style=\"vertical-align: inherit;\"><span style=\"vertical-align: inherit;\"><span style=\"vertical-align: inherit;\"><span style=\"vertical-align: inherit;\">La maison se trouve au calme au milieu d&rsquo;un beau jardin, id\u00e9al pour les nuits paisibles. <\/span><\/span><\/span><\/span><\/span><\/span><\/span><\/span><\/span><span style=\"vertical-align: inherit;\"><span style=\"vertical-align: inherit;\"><span style=\"vertical-align: inherit;\"><span style=\"vertical-align: inherit;\"><span style=\"vertical-align: inherit;\"><span style=\"vertical-align: inherit;\"><span style=\"vertical-align: inherit;\"><span style=\"vertical-align: inherit;\"><span style=\"vertical-align: inherit;\">Nous recommandons cette adresse. <\/span><\/span><\/span><\/span><\/span><\/span><\/span><\/span><\/span><span style=\"vertical-align: inherit;\"><span style=\"vertical-align: inherit;\"><span style=\"vertical-align: inherit;\"><span style=\"vertical-align: inherit;\"><span style=\"vertical-align: inherit;\"><span style=\"vertical-align: inherit;\"><span style=\"vertical-align: inherit;\"><span style=\"vertical-align: inherit;\"><span style=\"vertical-align: inherit;\">Nous y reviendrons \u00e0 l&rsquo;occasion. <\/span><\/span><\/span><\/span><\/span><\/span><\/span><\/span><\/span><\/span><\/span><span style=\"vertical-align: inherit;\"><span style=\"font-size: medium; font-family: Arial; font-weight: normal;\"><span style=\"vertical-align: inherit;\"><span style=\"vertical-align: inherit;\"><span style=\"vertical-align: inherit;\"><span style=\"vertical-align: inherit;\"><span style=\"vertical-align: inherit;\"><span style=\"vertical-align: inherit;\"><span style=\"vertical-align: inherit;\"><span style=\"vertical-align: inherit;\"><span style=\"vertical-align: inherit;\">Monique et Otto &#8211; Grenoble<\/span><\/span><\/span><\/span><\/span><\/span><\/span><\/span><\/span><\/span><\/span><\/span><br \/><span style=\"color: #0000ff; font-size: medium; font-family: Arial; font-weight: normal;\"> <span style=\"vertical-align: inherit;\"><span style=\"vertical-align: inherit;\"><span style=\"vertical-align: inherit;\"><\/span><\/span><\/span><\/span><\/p>\n<p><span style=\"font-size: medium; font-family: Arial; font-weight: normal; color: #0000ff;\">\u00a0<\/span><\/p>\n<p><span style=\"color: #0000ff;\"><span style=\"font-size: medium; font-family: Arial; font-weight: normal;\"><span style=\"vertical-align: inherit;\"><span style=\"vertical-align: inherit;\"><span style=\"vertical-align: inherit;\"><span style=\"vertical-align: inherit;\"><span style=\"vertical-align: inherit;\"><span style=\"vertical-align: inherit;\"><span style=\"vertical-align: inherit;\"><span style=\"vertical-align: inherit;\"><span style=\"vertical-align: inherit;\"><span style=\"vertical-align: inherit;\">Nous sommes ravis de notre s\u00e9jour pass\u00e9 dans votre chambre d&rsquo;h\u00f4tes. <\/span><\/span><\/span><\/span><\/span><\/span><\/span><\/span><\/span><span style=\"vertical-align: inherit;\"><span style=\"vertical-align: inherit;\"><span style=\"vertical-align: inherit;\"><span style=\"vertical-align: inherit;\"><span style=\"vertical-align: inherit;\"><span style=\"vertical-align: inherit;\"><span style=\"vertical-align: inherit;\"><span style=\"vertical-align: inherit;\"><span style=\"vertical-align: inherit;\">Tout \u00e9tait vraiment parfait: une chambre agr\u00e9able et spacieuse avec une salle de bain tr\u00e8s grande propret\u00e9, un petit d\u00e9jeuner tr\u00e8s copieux &#8230; le tout dans un site joli, calme, sans oublier votre accueil chaleureux lors de notre arriv\u00e9e. <\/span><\/span><\/span><\/span><\/span><\/span><\/span><\/span><\/span><\/span><\/span><span style=\"vertical-align: inherit;\"><span style=\"font-size: medium; font-family: Arial; font-weight: normal;\"><span style=\"vertical-align: inherit;\"><span style=\"vertical-align: inherit;\"><span style=\"vertical-align: inherit;\"><span style=\"vertical-align: inherit;\"><span style=\"vertical-align: inherit;\"><span style=\"vertical-align: inherit;\"><span style=\"vertical-align: inherit;\"><span style=\"vertical-align: inherit;\"><span style=\"vertical-align: inherit;\">Pascal et Martine de Normandie, France.<\/span><\/span><\/span><\/span><\/span><\/span><\/span><\/span><\/span><\/span><\/span><\/span><br \/><span style=\"color: #0000ff; font-size: medium; font-family: Arial; font-weight: normal;\"> <span style=\"vertical-align: inherit;\"><span style=\"vertical-align: inherit;\"><span style=\"vertical-align: inherit;\"><\/span><\/span><\/span><\/span><\/p>\n<p><span style=\"font-size: medium; font-family: Arial; font-weight: normal; color: #0000ff;\">\u00a0<\/span><\/p>\n<p><span style=\"color: #0000ff;\"><span style=\"font-size: medium; font-family: Arial; font-weight: normal;\"><span style=\"vertical-align: inherit;\"><span style=\"vertical-align: inherit;\"><span style=\"vertical-align: inherit;\"><span style=\"vertical-align: inherit;\"><span style=\"vertical-align: inherit;\"><span style=\"vertical-align: inherit;\"><span style=\"vertical-align: inherit;\"><span style=\"vertical-align: inherit;\">Tr\u00e8s beau B &amp; B, tout est parfait: la situation, \u00e0 quelques minutes de Namur. <\/span><\/span><\/span><\/span><\/span><\/span><\/span><span style=\"vertical-align: inherit;\"><span style=\"vertical-align: inherit;\"><span style=\"vertical-align: inherit;\"><span style=\"vertical-align: inherit;\"><span style=\"vertical-align: inherit;\"><span style=\"vertical-align: inherit;\"><span style=\"vertical-align: inherit;\">Les propri\u00e9taires sont tr\u00e8s accueillants et veillent sur la tranquillit\u00e9 de leurs pensionnaires. <\/span><\/span><\/span><\/span><\/span><\/span><\/span><span style=\"vertical-align: inherit;\"><span style=\"vertical-align: inherit;\"><span style=\"vertical-align: inherit;\"><span style=\"vertical-align: inherit;\"><span style=\"vertical-align: inherit;\"><span style=\"vertical-align: inherit;\"><span style=\"vertical-align: inherit;\">La chambre est tr\u00e8s fonctionnelle, les sanitaires sont rutilants et sont tous les jours! <\/span><\/span><\/span><\/span><\/span><\/span><\/span><span style=\"vertical-align: inherit;\"><span style=\"vertical-align: inherit;\"><span style=\"vertical-align: inherit;\"><span style=\"vertical-align: inherit;\"><span style=\"vertical-align: inherit;\"><span style=\"vertical-align: inherit;\"><span style=\"vertical-align: inherit;\">Le petit d\u00e9jeuner est pris dans la pi\u00e8ce \u00e0 vivre o\u00f9 les \u00e9changes vont bon train entre les pensionnaires et les propri\u00e9taires. <\/span><\/span><\/span><\/span><\/span><\/span><\/span><span style=\"vertical-align: inherit;\"><span style=\"vertical-align: inherit;\"><span style=\"vertical-align: inherit;\"><span style=\"vertical-align: inherit;\"><span style=\"vertical-align: inherit;\"><span style=\"vertical-align: inherit;\"><span style=\"vertical-align: inherit;\">Nous recommandons vivement ce B &amp; B o\u00f9 nous sommes rest\u00e9s plus d&rsquo;une semaine et o\u00f9 nous comptons revenir lors d&rsquo;une visite prochaine en Belgique. <\/span><\/span><\/span><\/span><\/span><\/span><\/span><span style=\"vertical-align: inherit;\"><span style=\"vertical-align: inherit;\"><span style=\"vertical-align: inherit;\"><span style=\"vertical-align: inherit;\"><span style=\"vertical-align: inherit;\"><span style=\"vertical-align: inherit;\"><span style=\"vertical-align: inherit;\">Un grand bonjour gorg\u00e9 de \u00ab\u00a0soleil\u00a0\u00bb pour nos h\u00f4tes! <\/span><\/span><\/span><\/span><\/span><\/span><\/span><\/span><\/span><span style=\"vertical-align: inherit;\"><span style=\"font-size: medium; font-family: Arial; font-weight: normal;\"><span style=\"vertical-align: inherit;\"><span style=\"vertical-align: inherit;\"><span style=\"vertical-align: inherit;\"><span style=\"vertical-align: inherit;\"><span style=\"vertical-align: inherit;\"><span style=\"vertical-align: inherit;\"><span style=\"vertical-align: inherit;\">Nathalie et Eric, France 2010<\/span><\/span><\/span><\/span><\/span><\/span><\/span><\/span><\/span><\/span><br \/><span style=\"color: #0000ff; font-size: medium; font-family: Arial; font-weight: normal;\"> <span style=\"vertical-align: inherit;\"><span style=\"vertical-align: inherit;\"><span style=\"vertical-align: inherit;\"><\/span><\/span><\/span><\/span><\/p>\n<p><span style=\"font-size: medium; font-family: Arial; font-weight: normal; color: #0000ff;\">\u00a0<\/span><\/p>\n<p><span style=\"color: #0000ff;\"><span style=\"font-size: medium; font-family: Arial; font-weight: normal;\"><span style=\"vertical-align: inherit;\"><span style=\"vertical-align: inherit;\"><span style=\"vertical-align: inherit;\"><span style=\"vertical-align: inherit;\"><span style=\"vertical-align: inherit;\"><span style=\"vertical-align: inherit;\"><span style=\"vertical-align: inherit;\"><span style=\"vertical-align: inherit;\">Nell&rsquo;agosto 2010, quand il n&rsquo;y a rien qui soit arriv\u00e9 et qui a \u00e9t\u00e9 impressionn\u00e9 par l&rsquo;accoglienza et la perfetta organizzazione. <\/span><\/span><\/span><\/span><\/span><\/span><\/span><span style=\"vertical-align: inherit;\"><span style=\"vertical-align: inherit;\"><span style=\"vertical-align: inherit;\"><span style=\"vertical-align: inherit;\"><span style=\"vertical-align: inherit;\"><span style=\"vertical-align: inherit;\"><span style=\"vertical-align: inherit;\">Il Signor Pierre e la signora Chantal sono bravissimi nel consigliare che cosa visitare nelle vicinanze sul territorio. <\/span><\/span><\/span><\/span><\/span><\/span><\/span><\/span><\/span><span style=\"vertical-align: inherit;\"><span style=\"font-size: medium; font-family: Arial; font-weight: normal;\"><span style=\"vertical-align: inherit;\"><span style=\"vertical-align: inherit;\"><span style=\"vertical-align: inherit;\"><span style=\"vertical-align: inherit;\"><span style=\"vertical-align: inherit;\"><span style=\"vertical-align: inherit;\"><span style=\"vertical-align: inherit;\">Il B &amp; B C\u00f4t\u00e9 Fontaine est une belle chambre, funzionali, pulite et confortevoli avec t\u00e9l\u00e9vision et punti luce ben posizionati. <\/span><\/span><\/span><\/span><\/span><\/span><\/span><\/span><span style=\"font-size: medium; font-family: Arial; font-weight: normal;\"><span style=\"vertical-align: inherit;\"><span style=\"vertical-align: inherit;\"><span style=\"vertical-align: inherit;\"><span style=\"vertical-align: inherit;\"><span style=\"vertical-align: inherit;\"><span style=\"vertical-align: inherit;\"><span style=\"vertical-align: inherit;\">La collection est abbondante et comprende le specialit\u00e0 locali venu pour l&rsquo;instant l&rsquo;ottimo miele. <\/span><\/span><\/span><\/span><\/span><\/span><\/span><\/span><span style=\"font-size: medium; font-family: Arial; font-weight: normal;\"><span style=\"vertical-align: inherit;\"><span style=\"vertical-align: inherit;\"><span style=\"vertical-align: inherit;\"><span style=\"vertical-align: inherit;\"><span style=\"vertical-align: inherit;\"><span style=\"vertical-align: inherit;\"><span style=\"vertical-align: inherit;\">Une disposition de tutti gli ospiti c&rsquo;\u00e9 anche una piccola sala da pranzo attrezzata con frigorifero e forno microonde (non si mangia nelle camere). <\/span><\/span><\/span><\/span><\/span><\/span><\/span><\/span><span style=\"font-size: medium; font-family: Arial; font-weight: normal;\"><span style=\"vertical-align: inherit;\"><span style=\"vertical-align: inherit;\"><span style=\"vertical-align: inherit;\"><span style=\"vertical-align: inherit;\"><span style=\"vertical-align: inherit;\"><span style=\"vertical-align: inherit;\"><span style=\"vertical-align: inherit;\">L&rsquo;espositore delle informazioni turistiche est le ricco de piantine et libretti dettagliati.<\/span><\/span><\/span><\/span><\/span><\/span><\/span><\/span><\/span><\/span><br \/><span style=\"color: #0000ff; font-size: medium; font-family: Arial; font-weight: normal;\"> <span style=\"vertical-align: inherit;\"><span style=\"vertical-align: inherit;\"><span style=\"vertical-align: inherit;\"><\/span><\/span><span style=\"vertical-align: inherit;\"><span style=\"vertical-align: inherit;\"><\/span><\/span><span style=\"vertical-align: inherit;\"><span style=\"vertical-align: inherit;\"><\/span><\/span><span style=\"vertical-align: inherit;\"><span style=\"vertical-align: inherit;\"><\/span><\/span><span style=\"vertical-align: inherit;\"><span style=\"vertical-align: inherit;\"><span style=\"vertical-align: inherit;\"><span style=\"vertical-align: inherit;\"><span style=\"vertical-align: inherit;\"><span style=\"vertical-align: inherit;\"><span style=\"vertical-align: inherit;\">Cognel\u00e9e \u00e8 un&rsquo;ottima base par exemple autre localit\u00e0 ed \u00e8 collegata \u00e0 Namur tramite un bus de comodo (fermata vicino al distributore Q8). <\/span><\/span><\/span><\/span><\/span><\/span><\/span><span style=\"vertical-align: inherit;\"><span style=\"vertical-align: inherit;\"><span style=\"vertical-align: inherit;\"><span style=\"vertical-align: inherit;\"><span style=\"vertical-align: inherit;\"><span style=\"vertical-align: inherit;\"><span style=\"vertical-align: inherit;\">Une visite \u00e0 la cittadella o fare viaggi dans battello e al sabato consigliamo di visitare il grandissimo mercato che ha anche un venditore de bellissimi animaux de fattoria (pulcini, colombe, oche, galline, coniglietti &#8230; <\/span><\/span><\/span><\/span><\/span><\/span><\/span><span style=\"vertical-align: inherit;\"><span style=\"vertical-align: inherit;\"><span style=\"vertical-align: inherit;\"><span style=\"vertical-align: inherit;\"><span style=\"vertical-align: inherit;\"><span style=\"vertical-align: inherit;\"><span style=\"vertical-align: inherit;\">excusez Vera attrazione per tutti bambini <\/span><\/span><\/span><\/span><\/span><\/span><\/span><span style=\"vertical-align: inherit;\"><span style=\"vertical-align: inherit;\"><span style=\"vertical-align: inherit;\"><span style=\"vertical-align: inherit;\"><span style=\"vertical-align: inherit;\"><span style=\"vertical-align: inherit;\"><span style=\"vertical-align: inherit;\">Inoltre , Namur una citt\u00e0 di tutte le completa comodit\u00e0., Il y a un Ufficio turistico avec personal gentilissimo, ci sono molti negozi e lavanderie en <\/span><\/span><\/span><\/span><\/span><span style=\"vertical-align: inherit;\"><span style=\"vertical-align: inherit;\"><span style=\"vertical-align: inherit;\"><span style=\"vertical-align: inherit;\"><span style=\"vertical-align: inherit;\">raison d&rsquo; <\/span><\/span><\/span><\/span><\/span><span style=\"vertical-align: inherit;\"><span style=\"vertical-align: inherit;\"><span style=\"vertical-align: inherit;\"><span style=\"vertical-align: inherit;\"><span style=\"vertical-align: inherit;\">un gettone avec macchine asciugatrici <\/span><\/span><\/span><\/span><\/span><\/span><\/span><span style=\"vertical-align: inherit;\"><span style=\"vertical-align: inherit;\"><span style=\"vertical-align: inherit;\"><span style=\"vertical-align: inherit;\"><span style=\"vertical-align: inherit;\"><span style=\"vertical-align: inherit;\"><span style=\"vertical-align: inherit;\">Lo consigliamo a tutti i turisti la nature et amano ricercano confort.<\/span><\/span><\/span><\/span><\/span><\/span><\/span><span style=\"vertical-align: inherit;\"><span style=\"vertical-align: inherit;\"><span style=\"vertical-align: inherit;\"><span style=\"vertical-align: inherit;\"><span style=\"vertical-align: inherit;\">Abbiamo scoperto di amare il Belgio e consigliamo di esplorare questa meravigliosa nazione anche nei dintorni. <\/span><\/span><\/span><\/span><\/span><span style=\"vertical-align: inherit;\"><span style=\"vertical-align: inherit;\"><span style=\"vertical-align: inherit;\"><span style=\"vertical-align: inherit;\"><span style=\"vertical-align: inherit;\">Speriamo di ritornare dans futuro par nuove escursioni. <\/span><\/span><\/span><\/span><\/span><span style=\"vertical-align: inherit;\"><span style=\"vertical-align: inherit;\"><span style=\"vertical-align: inherit;\"><span style=\"vertical-align: inherit;\"><span style=\"vertical-align: inherit;\">Un caro saluto ed une grande abbraccio de Lidia e Massimo &#8211; Vanzago (MI) &#8211; Italia <\/span><\/span><\/span><\/span><\/span><span style=\"vertical-align: inherit;\"><span style=\"vertical-align: inherit;\"><span style=\"vertical-align: inherit;\"><span style=\"vertical-align: inherit;\"><span style=\"vertical-align: inherit;\">Abbaye scoperto di amare il Belgio e consigliamo di esplorare Questa meravigliosa nazione anche nei dintorni. <\/span><\/span><\/span><\/span><\/span><span style=\"vertical-align: inherit;\"><span style=\"vertical-align: inherit;\"><span style=\"vertical-align: inherit;\"><span style=\"vertical-align: inherit;\"><span style=\"vertical-align: inherit;\">Speriamo di ritornare dans futuro par nuove escursioni. <\/span><\/span><\/span><\/span><\/span><span style=\"vertical-align: inherit;\"><span style=\"vertical-align: inherit;\"><span style=\"vertical-align: inherit;\"><span style=\"vertical-align: inherit;\"><span style=\"vertical-align: inherit;\">Un caro saluto ed une grande abbraccio de Lidia e Massimo &#8211; Vanzago (MI) &#8211; Italia <\/span><\/span><\/span><\/span><\/span><span style=\"vertical-align: inherit;\"><span style=\"vertical-align: inherit;\"><span style=\"vertical-align: inherit;\"><span style=\"vertical-align: inherit;\"><span style=\"vertical-align: inherit;\">Abbaye scoperto di amare il Belgio e consigliamo di esplorare Questa meravigliosa nazione anche nei dintorni. <\/span><\/span><\/span><\/span><\/span><span style=\"vertical-align: inherit;\"><span style=\"vertical-align: inherit;\"><span style=\"vertical-align: inherit;\"><span style=\"vertical-align: inherit;\"><span style=\"vertical-align: inherit;\">Speriamo di ritornare dans futuro par nuove escursioni. <\/span><\/span><\/span><\/span><\/span><span style=\"vertical-align: inherit;\"><span style=\"vertical-align: inherit;\"><span style=\"vertical-align: inherit;\"><span style=\"vertical-align: inherit;\"><span style=\"vertical-align: inherit;\">Un caro saluto une grande abbraccio de Lidia et Massimo &#8211; Vanzago (MI) &#8211; Italia<\/span><\/span><\/span><\/span><\/span><\/span><\/span><\/p>\n<p><span style=\"color: #0000ff; font-size: medium; font-family: Arial; font-weight: normal;\"><span style=\"vertical-align: inherit;\"><span style=\"vertical-align: inherit;\"><span style=\"vertical-align: inherit;\"><span style=\"vertical-align: inherit;\"><span style=\"vertical-align: inherit;\"><span style=\"vertical-align: inherit;\"><span style=\"vertical-align: inherit;\"><span style=\"vertical-align: inherit;\">Ringraziamo Chantal et Pierre par la calorose hospitalit\u00e0 che abbiamo rizvella nella loro bella casa di cui siamo stati ospiti dal agosto 2010.<\/span><\/span><\/span><\/span><\/span><\/span><\/span><\/span><\/span><\/p>\n<p><span style=\"font-size: medium; font-family: Arial; font-weight: normal; color: #0000ff;\">\u00a0<\/span><\/p>\n<p><span style=\"color: #0000ff; font-size: medium; font-family: Arial; font-weight: normal;\"><span style=\"vertical-align: inherit;\"><span style=\"vertical-align: inherit;\"><span style=\"vertical-align: inherit;\"><span style=\"vertical-align: inherit;\"><span style=\"vertical-align: inherit;\"><span style=\"vertical-align: inherit;\"><span style=\"vertical-align: inherit;\"><span style=\"vertical-align: inherit;\">Abbiamo apprezzato molto la pulizia, l&rsquo;abbondante et varia colazione et le tranquillit\u00e0 de luogo. <\/span><\/span><\/span><\/span><\/span><\/span><\/span><span style=\"vertical-align: inherit;\"><span style=\"vertical-align: inherit;\"><span style=\"vertical-align: inherit;\"><span style=\"vertical-align: inherit;\"><span style=\"vertical-align: inherit;\"><span style=\"vertical-align: inherit;\"><span style=\"vertical-align: inherit;\">La maison de vacances est un lieu de s\u00e9jour id\u00e9al pour visiter la r\u00e9gion de Luoghi. <\/span><\/span><\/span><\/span><\/span><\/span><\/span><span style=\"vertical-align: inherit;\"><span style=\"vertical-align: inherit;\"><span style=\"vertical-align: inherit;\"><span style=\"vertical-align: inherit;\"><span style=\"vertical-align: inherit;\"><span style=\"vertical-align: inherit;\"><span style=\"vertical-align: inherit;\">Lo consigliamo a tutti. <\/span><\/span><\/span><\/span><\/span><\/span><\/span><span style=\"vertical-align: inherit;\"><span style=\"vertical-align: inherit;\"><span style=\"vertical-align: inherit;\"><span style=\"vertical-align: inherit;\"><span style=\"vertical-align: inherit;\"><span style=\"vertical-align: inherit;\"><span style=\"vertical-align: inherit;\">Grazie ancora et arrivederci ad una prossima volta. <\/span><\/span><\/span><\/span><\/span><\/span><\/span><span style=\"vertical-align: inherit;\"><span style=\"vertical-align: inherit;\"><span style=\"vertical-align: inherit;\"><span style=\"vertical-align: inherit;\"><span style=\"vertical-align: inherit;\"><span style=\"vertical-align: inherit;\"><span style=\"vertical-align: inherit;\">Rosa e Pietro Galbiati, Brembate (BG) Italia<\/span><\/span><\/span><\/span><\/span><\/span><\/span><\/span><\/span><\/p>\n<p><span style=\"color: #0000ff;\"><span style=\"font-size: medium; font-family: Arial; font-weight: normal;\"><span style=\"vertical-align: inherit;\"><span style=\"vertical-align: inherit;\"><span style=\"vertical-align: inherit;\"><span style=\"vertical-align: inherit;\"><span style=\"vertical-align: inherit;\"><span style=\"vertical-align: inherit;\"><span style=\"vertical-align: inherit;\"><span style=\"vertical-align: inherit;\">DK Tusind tak pour et dejligt ophold i jeres g\u00e6stfrie hjem, &#8211; et ophold jeg p\u00e5 det varmeste kan anbefale et det ligger ideelt p\u00e5 vejen mod Frankrig. <\/span><\/span><\/span><\/span><\/span><\/span><\/span><\/span><\/span><span style=\"vertical-align: inherit;\"><span style=\"font-size: medium; font-family: Arial; font-weight: normal;\"><span style=\"vertical-align: inherit;\"><span style=\"vertical-align: inherit;\"><span style=\"vertical-align: inherit;\"><span style=\"vertical-align: inherit;\"><span style=\"vertical-align: inherit;\"><span style=\"vertical-align: inherit;\"><span style=\"vertical-align: inherit;\">Merci beaucoup pour le s\u00e9jour dans votre maison, qui est id\u00e9alement situ\u00e9 pour aller en France. <\/span><\/span><\/span><\/span><\/span><\/span><\/span><\/span><span style=\"font-size: medium; font-family: Arial; font-weight: normal;\"><span style=\"vertical-align: inherit;\"><span style=\"vertical-align: inherit;\"><span style=\"vertical-align: inherit;\"><span style=\"vertical-align: inherit;\"><span style=\"vertical-align: inherit;\"><span style=\"vertical-align: inherit;\"><span style=\"vertical-align: inherit;\">Ragnhild et Peter, DK 2010<\/span><\/span><\/span><\/span><\/span><\/span><\/span><\/span><\/span><\/span><br \/><span style=\"color: #0000ff; font-size: medium; font-family: Arial; font-weight: normal;\"> <span style=\"vertical-align: inherit;\"><span style=\"vertical-align: inherit;\"><span style=\"vertical-align: inherit;\"><\/span><\/span><\/span><\/span><br \/><span style=\"color: #0000ff; font-size: medium; font-family: Arial; font-weight: normal;\"> <span style=\"vertical-align: inherit;\"><span style=\"vertical-align: inherit;\"><span style=\"vertical-align: inherit;\"><\/span><\/span><\/span><\/span><\/p>\n<p><span style=\"font-size: medium; font-family: Arial; font-weight: normal; color: #0000ff;\">\u00a0<\/span><\/p>\n<p><span style=\"color: #0000ff;\"><span style=\"font-size: medium; font-family: Arial; font-weight: normal;\"><span style=\"vertical-align: inherit;\"><span style=\"vertical-align: inherit;\"><span style=\"vertical-align: inherit;\"><span style=\"vertical-align: inherit;\"><span style=\"vertical-align: inherit;\"><span style=\"vertical-align: inherit;\"><span style=\"vertical-align: inherit;\"><span style=\"vertical-align: inherit;\">Je tiens \u00e0 vous signaler que j&rsquo;ai pass\u00e9 un agr\u00e9able s\u00e9jour. <\/span><\/span><\/span><\/span><\/span><\/span><\/span><span style=\"vertical-align: inherit;\"><span style=\"vertical-align: inherit;\"><span style=\"vertical-align: inherit;\"><span style=\"vertical-align: inherit;\"><span style=\"vertical-align: inherit;\"><span style=\"vertical-align: inherit;\"><span style=\"vertical-align: inherit;\">Merci pour l&rsquo;amabilit\u00e9 de votre accueil. <\/span><\/span><\/span><\/span><\/span><\/span><\/span><\/span><\/span><span style=\"vertical-align: inherit;\"><span style=\"font-size: medium; font-family: Arial; font-weight: normal;\"><span style=\"vertical-align: inherit;\"><span style=\"vertical-align: inherit;\"><span style=\"vertical-align: inherit;\"><span style=\"vertical-align: inherit;\"><span style=\"vertical-align: inherit;\"><span style=\"vertical-align: inherit;\"><span style=\"vertical-align: inherit;\">Schadeck, Mouscron, 2010<\/span><\/span><\/span><\/span><\/span><\/span><\/span><\/span><\/span><\/span><br \/><span style=\"color: #0000ff; font-size: medium; font-family: Arial; font-weight: normal;\"> <span style=\"vertical-align: inherit;\"><span style=\"vertical-align: inherit;\"><span style=\"vertical-align: inherit;\"><\/span><\/span><\/span><\/span><\/p>\n<p><span style=\"font-size: medium; font-family: Arial; font-weight: normal; color: #0000ff;\">\u00a0<\/span><\/p>\n<p><span style=\"color: #0000ff;\"><span style=\"font-size: medium; font-family: Arial; font-weight: normal;\"><span style=\"vertical-align: inherit;\"><span style=\"vertical-align: inherit;\"><span style=\"vertical-align: inherit;\"><span style=\"vertical-align: inherit;\"><span style=\"vertical-align: inherit;\"><span style=\"vertical-align: inherit;\">Chambre d&rsquo;h\u00f4te \u00e0 recommander: confort de la chambre, salle de bain spacieuse et tr\u00e8s bien pens\u00e9e propret\u00e9 irr\u00e9prochable et accueil chaleureux (M. Pierre est all\u00e9 jusqu&rsquo;\u00e0 faire gratter le pare-brise de notre voiture avant notre d\u00e9part suite \u00e0 un petit matin givr\u00e9) demandeur de plus? <\/span><\/span><\/span><\/span><\/span><span style=\"vertical-align: inherit;\"><span style=\"vertical-align: inherit;\"><span style=\"vertical-align: inherit;\"><span style=\"vertical-align: inherit;\"><span style=\"vertical-align: inherit;\">De revenir. <\/span><\/span><\/span><\/span><\/span><\/span><\/span><span style=\"vertical-align: inherit;\"><span style=\"font-size: medium; font-family: Arial; font-weight: normal;\"><span style=\"vertical-align: inherit;\"><span style=\"vertical-align: inherit;\"><span style=\"vertical-align: inherit;\"><span style=\"vertical-align: inherit;\"><span style=\"vertical-align: inherit;\">Cordialement, Dominique, France 11\/2009<\/span><\/span><\/span><\/span><\/span><\/span><\/span><\/span><br \/><span style=\"color: #0000ff; font-size: medium; font-family: Arial; font-weight: normal;\"> <span style=\"vertical-align: inherit;\"><span style=\"vertical-align: inherit;\"><span style=\"vertical-align: inherit;\"><\/span><\/span><\/span><\/span><\/p>\n<p><span style=\"font-size: medium; font-family: Arial; font-weight: normal; color: #0000ff;\">\u00a0<\/span><\/p>\n<p><span style=\"color: #0000ff;\"><span style=\"font-size: medium; font-family: Arial; font-weight: normal;\"><span style=\"vertical-align: inherit;\"><span style=\"vertical-align: inherit;\"><span style=\"vertical-align: inherit;\"><span style=\"vertical-align: inherit;\"><span style=\"vertical-align: inherit;\"><span style=\"vertical-align: inherit;\">Bonjour ! <\/span><\/span><\/span><\/span><\/span><span style=\"vertical-align: inherit;\"><span style=\"vertical-align: inherit;\"><span style=\"vertical-align: inherit;\"><span style=\"vertical-align: inherit;\"><span style=\"vertical-align: inherit;\">Merci pour votre service! <\/span><\/span><\/span><\/span><\/span><span style=\"vertical-align: inherit;\"><span style=\"vertical-align: inherit;\"><span style=\"vertical-align: inherit;\"><span style=\"vertical-align: inherit;\"><span style=\"vertical-align: inherit;\">Maintenant en hollandaise &#8230; Nous hebben genoten van ons verblijf bij jullie. <\/span><\/span><\/span><\/span><\/span><span style=\"vertical-align: inherit;\"><span style=\"vertical-align: inherit;\"><span style=\"vertical-align: inherit;\"><span style=\"vertical-align: inherit;\"><span style=\"vertical-align: inherit;\">De kamer \u00e9tait parfait en jullie warme welkom \u00e9tait super. <\/span><\/span><\/span><\/span><\/span><span style=\"vertical-align: inherit;\"><span style=\"vertical-align: inherit;\"><span style=\"vertical-align: inherit;\"><span style=\"vertical-align: inherit;\"><span style=\"vertical-align: inherit;\">Het ontbijt de volgende ochtend \u00e9tait erg goed en zeer uitgebreid! <\/span><\/span><\/span><\/span><\/span><span style=\"vertical-align: inherit;\"><span style=\"vertical-align: inherit;\"><span style=\"vertical-align: inherit;\"><span style=\"vertical-align: inherit;\"><span style=\"vertical-align: inherit;\">De meisjes waren zeer te spreken over het aanbod en zeer zeker de chocolade broodjes, die vond Julia heerlijk! <\/span><\/span><\/span><\/span><\/span><span style=\"vertical-align: inherit;\"><span style=\"vertical-align: inherit;\"><span style=\"vertical-align: inherit;\"><span style=\"vertical-align: inherit;\"><span style=\"vertical-align: inherit;\">Die hebben nous en Nederland niet zo lekker! <\/span><\/span><\/span><\/span><\/span><span style=\"vertical-align: inherit;\"><span style=\"vertical-align: inherit;\"><span style=\"vertical-align: inherit;\"><span style=\"vertical-align: inherit;\"><span style=\"vertical-align: inherit;\">Nous komen zeker nog een keer terug in de Ardennen. <\/span><\/span><\/span><\/span><\/span><span style=\"vertical-align: inherit;\"><span style=\"vertical-align: inherit;\"><span style=\"vertical-align: inherit;\"><span style=\"vertical-align: inherit;\"><span style=\"vertical-align: inherit;\">\u00c9tait helemaal vergeten hoe mooi het daar est! <\/span><\/span><\/span><\/span><\/span><span style=\"vertical-align: inherit;\"><span style=\"vertical-align: inherit;\"><span style=\"vertical-align: inherit;\"><span style=\"vertical-align: inherit;\"><span style=\"vertical-align: inherit;\">Als gentil heb ik rencontr\u00e9 mijn ouders Dinant bezocht en kano gevaren sur Lesse, de grotten de Han-Sur-lees waren ook erg indrukwekkend. <\/span><\/span><\/span><\/span><\/span><span style=\"vertical-align: inherit;\"><span style=\"vertical-align: inherit;\"><span style=\"vertical-align: inherit;\"><span style=\"vertical-align: inherit;\"><span style=\"vertical-align: inherit;\">Tous les commentaires sont l\u00e0 pour que nous soyons heureux dans Ardennen!<\/span><\/span><\/span><\/span><\/span><span style=\"vertical-align: inherit;\"><span style=\"vertical-align: inherit;\"><span style=\"vertical-align: inherit;\"><span style=\"vertical-align: inherit;\"><span style=\"vertical-align: inherit;\">Nogmaals dank voor alles en veel succes rencontr\u00e9s jullie super b &amp; b &#8230; Met veel liefs, <\/span><\/span><\/span><\/span><\/span><\/span><\/span><span style=\"vertical-align: inherit;\"><span style=\"font-size: medium; font-family: Arial; font-weight: normal;\"><span style=\"vertical-align: inherit;\"><span style=\"vertical-align: inherit;\"><span style=\"vertical-align: inherit;\"><span style=\"vertical-align: inherit;\"><span style=\"vertical-align: inherit;\">John Nicole Julia en Alissa, Pays Bas 10\/2009<\/span><\/span><\/span><\/span><\/span><\/span><\/span><\/span><br \/><span style=\"color: #0000ff; font-size: medium; font-family: Arial; font-weight: normal;\"> <span style=\"vertical-align: inherit;\"><span style=\"vertical-align: inherit;\"><span style=\"vertical-align: inherit;\"><\/span><\/span><\/span><\/span><\/p>\n<p><span style=\"font-size: medium; font-family: Arial; font-weight: normal; color: #0000ff;\">\u00a0<\/span><\/p>\n<p><span style=\"color: #0000ff;\"><span style=\"font-size: medium; font-family: Arial; font-weight: normal;\"><span style=\"vertical-align: inherit;\"><span style=\"vertical-align: inherit;\"><span style=\"vertical-align: inherit;\"><span style=\"vertical-align: inherit;\">Un grand merci pour votre chaleur, votre sourire, votre go\u00fbt de la r\u00e9ception et vos pr\u00e9cieux conseils au niveau du lieu de culte pour que vous restiez \u00e0 proximit\u00e9 que pour les visites incontournables sur Namur. <\/span><\/span><\/span><span style=\"vertical-align: inherit;\"><span style=\"vertical-align: inherit;\"><span style=\"vertical-align: inherit;\">Vous nous avez aim\u00e9 les utiles. <\/span><\/span><\/span><span style=\"vertical-align: inherit;\"><span style=\"vertical-align: inherit;\"><span style=\"vertical-align: inherit;\">Quant \u00e0 \u00ab\u00a0Cot\u00e9 Fontaine\u00a0\u00bb il est \u00e0 l&rsquo;image du site qui refl\u00e8te exactement les lieux que les propri\u00e9taires ont accueillants! <\/span><\/span><\/span><span style=\"vertical-align: inherit;\"><span style=\"vertical-align: inherit;\"><span style=\"vertical-align: inherit;\">Les chambres sont tr\u00e8s bien con\u00e7ues: tout est archi bien pour d\u00e9sinfecter la cuvette de toilette; <\/span><\/span><\/span><span style=\"vertical-align: inherit;\"><span style=\"vertical-align: inherit;\"><span style=\"vertical-align: inherit;\">au s\u00e8che-cheveux en passant par l&rsquo;accessoire pour poser nos valises; <\/span><\/span><\/span><span style=\"vertical-align: inherit;\"><span style=\"vertical-align: inherit;\"><span style=\"vertical-align: inherit;\">la douche et je ne parle pas des plateaux tournants du petit-d\u00e9jeuner!<\/span><\/span><\/span><span style=\"vertical-align: inherit;\"><span style=\"vertical-align: inherit;\"><span style=\"vertical-align: inherit;\">Il faut reconna\u00eetre que ces aspects pratiques et bien pens\u00e9s nous donne le sentiment de nous sentir comme chez nous et ca donne envie de prolonger le s\u00e9jour! <\/span><\/span><\/span><span style=\"vertical-align: inherit;\"><span style=\"vertical-align: inherit;\"><span style=\"vertical-align: inherit;\">Sans frais cette d\u00e9licieuse odeur de linge propre et fra\u00eechement lav\u00e9 qui s&rsquo;est r\u00e9pandu dans les chambres et toutes les pi\u00e8ces! <\/span><\/span><\/span><span style=\"vertical-align: inherit;\"><span style=\"vertical-align: inherit;\"><span style=\"vertical-align: inherit;\">On parlera de vous mais sur les p\u00e9riodes o\u00f9 l&rsquo;on revient sur la voiture sinon on se fait faire \u00ab\u00a0piquer\u00a0\u00bb nos places (rires). <\/span><\/span><\/span><span style=\"vertical-align: inherit;\"><span style=\"vertical-align: inherit;\"><span style=\"vertical-align: inherit;\">Encore un grand merci \u00e0 vous, o\u00f9 des h\u00f4tes sur un trouv\u00e9 dans les conseils, des attentions et des sourires dignes d&rsquo;une relation amicale naissante. <\/span><\/span><\/span><\/span><\/span><span style=\"vertical-align: inherit;\"><span style=\"font-size: medium; font-family: Arial; font-weight: normal;\"><span style=\"vertical-align: inherit;\"><span style=\"vertical-align: inherit;\"><span style=\"vertical-align: inherit;\">Stef S\u00e9bastien et St\u00e9phanie France 9\/2009<\/span><\/span><\/span><\/span><\/span><\/span><br \/><span style=\"color: #0000ff; font-size: medium; font-family: Arial; font-weight: normal;\"> <span style=\"vertical-align: inherit;\"><span style=\"vertical-align: inherit;\"><span style=\"vertical-align: inherit;\"><\/span><\/span><\/span><\/span><\/p>\n<p><span style=\"font-size: medium; font-family: Arial; font-weight: normal; color: #0000ff;\">\u00a0<\/span><\/p>\n<p><span style=\"color: #0000ff;\"><span style=\"font-size: medium; font-family: Arial; font-weight: normal;\"><span style=\"vertical-align: inherit;\"><span style=\"vertical-align: inherit;\"><span style=\"vertical-align: inherit;\"><span style=\"vertical-align: inherit;\">Votre B &amp; B Hostle est tr\u00e8s mignon. <\/span><\/span><\/span><span style=\"vertical-align: inherit;\"><span style=\"vertical-align: inherit;\"><span style=\"vertical-align: inherit;\">Je vous souhaite une merveilleuse vie !! <\/span><\/span><\/span><span style=\"vertical-align: inherit;\"><span style=\"vertical-align: inherit;\"><span style=\"vertical-align: inherit;\">Bienvenue \u00e0 Taiwan et soyez notre invit\u00e9 si possible. <\/span><\/span><\/span><\/span><\/span><span style=\"vertical-align: inherit;\"><span style=\"font-size: medium; font-family: Arial; font-weight: normal;\"><span style=\"vertical-align: inherit;\"><span style=\"vertical-align: inherit;\"><span style=\"vertical-align: inherit;\">Merci.Tulipan Taiwan<\/span><\/span><\/span><\/span><\/span><\/span><br \/><span style=\"color: #0000ff; font-size: medium; font-family: Arial; font-weight: normal;\"> <span style=\"vertical-align: inherit;\"><span style=\"vertical-align: inherit;\"><span style=\"vertical-align: inherit;\"><\/span><\/span><\/span><\/span><\/p>\n<p><span style=\"font-size: medium; font-family: Arial; font-weight: normal; color: #0000ff;\">\u00a0<\/span><\/p>\n<p><span style=\"color: #0000ff;\"><span style=\"font-size: medium; font-family: Arial; font-weight: normal;\"><span style=\"vertical-align: inherit;\"><span style=\"vertical-align: inherit;\"><span style=\"vertical-align: inherit;\"><span style=\"vertical-align: inherit;\">Faisant le tour de l&rsquo;Europe du Nord \u00e0 moto en mai 2008, nous sommes arr\u00eat\u00e9s sur le retour \u00e0 Cognel\u00e9e (jusqu&rsquo;ici inconnue, merci Internet!). <\/span><\/span><\/span><span style=\"vertical-align: inherit;\"><span style=\"vertical-align: inherit;\"><span style=\"vertical-align: inherit;\">De toutes ces chambres d&rsquo;h\u00f4tes o\u00f9 nous avons pass\u00e9, nous sommes sans dire que c&rsquo;est la meilleure de notre long p\u00e9riple. <\/span><\/span><\/span><span style=\"vertical-align: inherit;\"><span style=\"vertical-align: inherit;\"><span style=\"vertical-align: inherit;\">Accueil merveilleux, conseils sur la r\u00e9gion et les restos, chambre superbe (bravo patron!) Et petit-d\u00e9jeuner magnifique et copieux. <\/span><\/span><\/span><span style=\"vertical-align: inherit;\"><span style=\"vertical-align: inherit;\"><span style=\"vertical-align: inherit;\">Sur un failli un peu \u00ab\u00a0tache\u00a0\u00bb avec nos habitudes de motards! <\/span><\/span><\/span><span style=\"vertical-align: inherit;\"><span style=\"vertical-align: inherit;\"><span style=\"vertical-align: inherit;\">Merci pour votre accueil. <\/span><\/span><\/span><span style=\"vertical-align: inherit;\"><span style=\"vertical-align: inherit;\"><span style=\"vertical-align: inherit;\">2009 sera pour nous la Corse et Sardaigne \u00e0 moto, mais en 2010 on revient !!! <\/span><\/span><\/span><span style=\"vertical-align: inherit;\"><span style=\"vertical-align: inherit;\"><span style=\"vertical-align: inherit;\">Merci encore. <\/span><\/span><\/span><\/span><\/span><span style=\"vertical-align: inherit;\"><span style=\"font-size: medium; font-family: Arial; font-weight: normal;\"><span style=\"vertical-align: inherit;\"><span style=\"vertical-align: inherit;\"><span style=\"vertical-align: inherit;\">Sandra et Matthieu, Cho\u00ebx \/ Monthey, Suisse<\/span><\/span><\/span><\/span><\/span><\/span><br \/><span style=\"color: #0000ff; font-size: medium; font-family: Arial; font-weight: normal;\"> <span style=\"vertical-align: inherit;\"><span style=\"vertical-align: inherit;\"><span style=\"vertical-align: inherit;\"><\/span><\/span><\/span><\/span><\/p>\n<p><span style=\"font-size: medium; font-family: Arial; font-weight: normal; color: #0000ff;\">\u00a0<\/span><\/p>\n<p><span style=\"color: #0000ff;\"><span style=\"font-size: medium; font-family: Arial; font-weight: normal;\"><span style=\"vertical-align: inherit;\"><span style=\"vertical-align: inherit;\"><span style=\"vertical-align: inherit;\"><span style=\"vertical-align: inherit;\">Nous avons pass\u00e9 un tr\u00e8s agr\u00e9able s\u00e9jour parmis vous. <\/span><\/span><\/span><span style=\"vertical-align: inherit;\"><span style=\"vertical-align: inherit;\"><span style=\"vertical-align: inherit;\">Nous avons \u00e9t\u00e9 confortablement h\u00e9berg\u00e9s et vos connaissances des lieux touristiques. <\/span><\/span><\/span><span style=\"vertical-align: inherit;\"><span style=\"vertical-align: inherit;\"><span style=\"vertical-align: inherit;\">Tout \u00e0 \u00e9t\u00e9 orchertr\u00e9 pour nous donner envie de revenir. <\/span><\/span><\/span><span style=\"vertical-align: inherit;\"><span style=\"vertical-align: inherit;\"><span style=\"vertical-align: inherit;\">Nous avons fait en Belgique que des d\u00e9couvertes \u00e9tonnantes. <\/span><\/span><\/span><span style=\"vertical-align: inherit;\"><span style=\"vertical-align: inherit;\"><span style=\"vertical-align: inherit;\">Bien s\u00fbr Bruxelles et sa Grand Place, l&rsquo;architecture Art D\u00e9co et autres monuments et parcs mais mieux encore le Namurois et les Ardennes qui rec\u00e8lent des tr\u00e9sors extraordinaires. <\/span><\/span><\/span><span style=\"vertical-align: inherit;\"><span style=\"vertical-align: inherit;\"><span style=\"vertical-align: inherit;\">\u00ab\u00a0C\u00f4t\u00e9 Fontaine\u00a0\u00bb et ses clients nous ont re\u00e7u des amis et des clients qui nous appr\u00e9cient chacun des moments pass\u00e9s dans votre compagnie. <\/span><\/span><\/span><span style=\"vertical-align: inherit;\"><span style=\"vertical-align: inherit;\"><span style=\"vertical-align: inherit;\">Un gros merci \u00e0 Chantal et Pierre, h\u00f4telier comp\u00e9tents et passionn\u00e9s. <\/span><\/span><\/span><\/span><\/span><span style=\"vertical-align: inherit;\"><span style=\"font-size: medium; font-family: Arial; font-weight: normal;\"><span style=\"vertical-align: inherit;\"><span style=\"vertical-align: inherit;\"><span style=\"vertical-align: inherit;\">Pauline et Jean-Hugues, Qu\u00e9bec<\/span><\/span><\/span><\/span><\/span><\/span><br \/><span style=\"color: #0000ff; font-size: medium; font-family: Arial; font-weight: normal;\"> <span style=\"vertical-align: inherit;\"><span style=\"vertical-align: inherit;\"><span style=\"vertical-align: inherit;\"><\/span><\/span><\/span><\/span><\/p>\n<p><span style=\"font-size: medium; font-family: Arial; font-weight: normal; color: #0000ff;\">\u00a0<\/span><\/p>\n<p><span style=\"color: #0000ff;\"><span style=\"font-size: medium; font-family: Arial; font-weight: normal;\"><span style=\"vertical-align: inherit;\"><span style=\"vertical-align: inherit;\"><span style=\"vertical-align: inherit;\"><span style=\"vertical-align: inherit;\">Un grand merci pour votre accueil chaleureux, de bonnes adresses. <\/span><\/span><\/span><span style=\"vertical-align: inherit;\"><span style=\"vertical-align: inherit;\"><span style=\"vertical-align: inherit;\">Gr\u00e2ce \u00e0 vous, nous avons appris \u00e0 mieux conna\u00eetre votre pays et votre r\u00e9gion. <\/span><\/span><\/span><\/span><\/span><span style=\"vertical-align: inherit;\"><span style=\"font-size: medium; font-family: Arial; font-weight: normal;\"><span style=\"vertical-align: inherit;\"><span style=\"vertical-align: inherit;\"><span style=\"vertical-align: inherit;\">Sandra et Matthieu, Suisse<\/span><\/span><\/span><\/span><\/span><\/span><br \/><span style=\"color: #0000ff; font-size: medium; font-family: Arial; font-weight: normal;\"> <span style=\"vertical-align: inherit;\"><span style=\"vertical-align: inherit;\"><span style=\"vertical-align: inherit;\"><\/span><\/span><\/span><\/span><\/p>\n<p><span style=\"font-size: medium; font-family: Arial; font-weight: normal; color: #0000ff;\">\u00a0<\/span><\/p>\n<p><span style=\"color: #0000ff;\"><span style=\"font-size: medium; font-family: Arial; font-weight: normal;\"><span style=\"vertical-align: inherit;\"><span style=\"vertical-align: inherit;\"><span style=\"vertical-align: inherit;\"><span style=\"vertical-align: inherit;\">Merci de votre accueil chaleureux, ici je suis comme chez moi. <\/span><\/span><\/span><span style=\"vertical-align: inherit;\"><span style=\"vertical-align: inherit;\"><span style=\"vertical-align: inherit;\">Que Dieu le veuille, c&rsquo;est donc \u00ab\u00a0\u00e0 l&rsquo;ann\u00e9e prochaine\u00a0\u00bb<br \/>Amicalement <\/span><\/span><\/span><\/span><\/span><span style=\"vertical-align: inherit;\"><span style=\"font-size: medium; font-family: Arial; font-weight: normal;\"><span style=\"vertical-align: inherit;\"><span style=\"vertical-align: inherit;\"><span style=\"vertical-align: inherit;\">Ghuislaine, USA<\/span><\/span><\/span><\/span><\/span><\/span><br \/><span style=\"color: #0000ff; font-size: medium; font-family: Arial; font-weight: normal;\"> <span style=\"vertical-align: inherit;\"><span style=\"vertical-align: inherit;\"><span style=\"vertical-align: inherit;\"><\/span><\/span><\/span><\/span><\/p>\n<p><span style=\"font-size: medium; font-family: Arial; font-weight: normal; color: #0000ff;\">\u00a0<\/span><\/p>\n<p><span style=\"color: #0000ff;\"><span style=\"font-size: medium; font-family: Arial; font-weight: normal;\"><span style=\"vertical-align: inherit;\"><span style=\"vertical-align: inherit;\"><span style=\"vertical-align: inherit;\"><span style=\"vertical-align: inherit;\">\u00ab Point de J&rsquo;ai trouv\u00e9 un repos en Promeneur id\u00e9al Comme v\u00e9lo. Dans un <\/span><span style=\"vertical-align: inherit;\">cadre moderne et chaleureux Qui est tout Pour Etre et same temps pratique complet <\/span><\/span><\/span><span style=\"vertical-align: inherit;\"><span style=\"vertical-align: inherit;\"><span style=\"vertical-align: inherit;\">En plus de <\/span><span style=\"vertical-align: inherit;\">tr\u00e8s bien accessible par voie d&rsquo;auto et de Bicyclette au grand carrefour Gr\u00e2ce autoroutier (et donc ses points de restaurations) et l&rsquo;ancien chemin de fer qui a \u00e9t\u00e9 reconstruit comme itin\u00e9raire pour les bicyclettes (de Flandres jusqu&rsquo;au centre de la province) de Namur!). <\/span><\/span><\/span><span style=\"vertical-align: inherit;\"><span style=\"vertical-align: inherit;\"><span style=\"vertical-align: inherit;\">Je suis bien marr\u00e9 et je le conseillerai \u00e0 mes amis je cherche un lieu comme point de repos! <\/span><\/span><\/span><span style=\"vertical-align: inherit;\"><span style=\"vertical-align: inherit;\"><span style=\"vertical-align: inherit;\">\u00ab\u00a0Merci et peut-\u00eatre \u00e0 bient\u00f4t!<br \/><\/span><\/span><\/span><\/span><\/span><span style=\"vertical-align: inherit;\"><span style=\"font-size: medium; font-family: Arial; font-weight: normal;\"><span style=\"vertical-align: inherit;\"><span style=\"vertical-align: inherit;\"><span style=\"vertical-align: inherit;\">Jan, Louvain<\/span><\/span><\/span><\/span><\/span><\/span><br \/><span style=\"color: #0000ff; font-size: medium; font-family: Arial; font-weight: normal;\"> <span style=\"vertical-align: inherit;\"><span style=\"vertical-align: inherit;\"><span style=\"vertical-align: inherit;\"><\/span><\/span><\/span><\/span><\/p>\n<p><span style=\"font-size: medium; font-family: Arial; font-weight: normal; color: #0000ff;\">\u00a0<\/span><\/p>\n<p><span style=\"color: #0000ff;\"><span style=\"font-size: medium; font-family: Arial; font-weight: normal;\"><span style=\"vertical-align: inherit;\"><span style=\"vertical-align: inherit;\"><span style=\"vertical-align: inherit;\"><span style=\"vertical-align: inherit;\"><span style=\"vertical-align: inherit;\"><span style=\"vertical-align: inherit;\">C&rsquo;est un grand amour pour vos premiers invit\u00e9s dans votre belle et chaleureuse maison! <\/span><\/span><\/span><\/span><\/span><span style=\"vertical-align: inherit;\"><span style=\"vertical-align: inherit;\"><span style=\"vertical-align: inherit;\"><span style=\"vertical-align: inherit;\"><span style=\"vertical-align: inherit;\">Nous avons partag\u00e9 notre derni\u00e8re nuit lors de notre voyage en Hollande et \u00e9t\u00e9 charm\u00e9 par vos visages amicaux, votre gentillesse, la belle couleur ensoleill\u00e9e de la chambre et de toutes les fleurs orange. <\/span><\/span><\/span><\/span><\/span><span style=\"vertical-align: inherit;\"><span style=\"vertical-align: inherit;\"><span style=\"vertical-align: inherit;\"><span style=\"vertical-align: inherit;\"><span style=\"vertical-align: inherit;\">Avec des salutations chaleureuses. <\/span><\/span><\/span><\/span><\/span><\/span><\/span><span style=\"vertical-align: inherit;\"><span style=\"font-size: medium; font-family: Arial; font-weight: normal;\"><span style=\"vertical-align: inherit;\"><span style=\"vertical-align: inherit;\"><span style=\"vertical-align: inherit;\"><span style=\"vertical-align: inherit;\"><span style=\"vertical-align: inherit;\">Marina et Ori, Isra\u00ebl<\/span><\/span><\/span><\/span><\/span><\/span><\/span><\/span><br \/><span style=\"color: #0000ff; font-size: medium; font-family: Arial; font-weight: normal;\"> <span style=\"vertical-align: inherit;\"><span style=\"vertical-align: inherit;\"><span style=\"vertical-align: inherit;\"><\/span><\/span><\/span><\/span><\/p>\n<p><span style=\"font-size: medium; font-family: Arial; font-weight: normal; color: #0000ff;\">\u00a0<\/span><\/p>\n<p><span style=\"color: #0000ff;\"><span style=\"font-size: medium; font-family: Arial; font-weight: normal;\"><span style=\"vertical-align: inherit;\"><span style=\"vertical-align: inherit;\"><span style=\"vertical-align: inherit;\"><span style=\"vertical-align: inherit;\"><span style=\"vertical-align: inherit;\"><span style=\"vertical-align: inherit;\">Nous avons \u00e9t\u00e9 enchant\u00e9 par l&rsquo;accueil qui est vraiment chaleureux. <\/span><\/span><\/span><\/span><\/span><span style=\"vertical-align: inherit;\"><span style=\"vertical-align: inherit;\"><span style=\"vertical-align: inherit;\"><span style=\"vertical-align: inherit;\"><span style=\"vertical-align: inherit;\">Bravo pour l&rsquo;agencement de vos chambres et pour l&rsquo;ambiance g\u00e9n\u00e9rale. <\/span><\/span><\/span><\/span><\/span><span style=\"vertical-align: inherit;\"><span style=\"vertical-align: inherit;\"><span style=\"vertical-align: inherit;\"><span style=\"vertical-align: inherit;\"><span style=\"vertical-align: inherit;\">Nous reviendrons un peu plus longtemps. <\/span><\/span><\/span><\/span><\/span><\/span><\/span><span style=\"vertical-align: inherit;\"><span style=\"font-size: medium; font-family: Arial; font-weight: normal;\"><span style=\"vertical-align: inherit;\"><span style=\"vertical-align: inherit;\"><span style=\"vertical-align: inherit;\"><span style=\"vertical-align: inherit;\"><span style=\"vertical-align: inherit;\">Jacqueline et Henri Michel<\/span><\/span><\/span><\/span><\/span><\/span><\/span><\/span><br \/><span style=\"color: #0000ff; font-size: medium; font-family: Arial; font-weight: normal;\"> <span style=\"vertical-align: inherit;\"><span style=\"vertical-align: inherit;\"><span style=\"vertical-align: inherit;\"><\/span><\/span><\/span><\/span><\/p>\n<p><span style=\"font-size: medium; font-family: Arial; font-weight: normal; color: #0000ff;\">\u00a0<\/span><\/p>\n<p><span style=\"color: #0000ff;\"><span style=\"font-size: medium; font-family: Arial; font-weight: normal;\"><span style=\"vertical-align: inherit;\"><span style=\"vertical-align: inherit;\"><span style=\"vertical-align: inherit;\"><span style=\"vertical-align: inherit;\"><span style=\"vertical-align: inherit;\"><span style=\"vertical-align: inherit;\">Un immense merci pour cet accueil tr\u00e8s chaleureux, digne d&rsquo;un **** (4 \u00e9pis). <\/span><\/span><\/span><\/span><\/span><span style=\"vertical-align: inherit;\"><span style=\"vertical-align: inherit;\"><span style=\"vertical-align: inherit;\"><span style=\"vertical-align: inherit;\"><span style=\"vertical-align: inherit;\">La chambre est un rayon de soleil, tout comme les douleurs au chocolat sont de merveilles merveilles. <\/span><\/span><\/span><\/span><\/span><span style=\"vertical-align: inherit;\"><span style=\"vertical-align: inherit;\"><span style=\"vertical-align: inherit;\"><span style=\"vertical-align: inherit;\"><span style=\"vertical-align: inherit;\">Nous vous souhaitons pleine r\u00e9ussite dans cette merveilleuse aventure! <\/span><\/span><\/span><\/span><\/span><\/span><\/span><span style=\"vertical-align: inherit;\"><span style=\"font-size: medium; font-family: Arial; font-weight: normal;\"><span style=\"vertical-align: inherit;\"><span style=\"vertical-align: inherit;\"><span style=\"vertical-align: inherit;\"><span style=\"vertical-align: inherit;\"><span style=\"vertical-align: inherit;\">Salutations Suisses, Gilles et S\u00e9verine<\/span><\/span><\/span><\/span><\/span><\/span><\/span><\/span><br \/><span style=\"color: #0000ff; font-size: medium; font-family: Arial; font-weight: normal;\"> <span style=\"vertical-align: inherit;\"><span style=\"vertical-align: inherit;\"><span style=\"vertical-align: inherit;\"><\/span><\/span><\/span><\/span><\/p>\n<p><span style=\"font-size: medium; font-family: Arial; font-weight: normal; color: #0000ff;\">\u00a0<\/span><\/p>\n<p><span style=\"color: #0000ff;\"><span style=\"font-size: medium; font-family: Arial; font-weight: normal;\"><span style=\"vertical-align: inherit;\"><span style=\"vertical-align: inherit;\"><span style=\"vertical-align: inherit;\"><span style=\"vertical-align: inherit;\"><span style=\"vertical-align: inherit;\"><span style=\"vertical-align: inherit;\">Merci beaucoup, votre maison est tr\u00e8s agr\u00e9able, en parlant avec vous de notre visite en Belgique et en Hollande. <\/span><\/span><\/span><\/span><\/span><span style=\"vertical-align: inherit;\"><span style=\"vertical-align: inherit;\"><span style=\"vertical-align: inherit;\"><span style=\"vertical-align: inherit;\"><span style=\"vertical-align: inherit;\">A \u00e9t\u00e9 merveilleux. <\/span><\/span><\/span><\/span><\/span><span style=\"vertical-align: inherit;\"><span style=\"vertical-align: inherit;\"><span style=\"vertical-align: inherit;\"><span style=\"vertical-align: inherit;\"><span style=\"vertical-align: inherit;\">Sharon + Kay, Denver Colorado \u00c9tats-Unis Nous sommes ravis de notre passage dans votre chaumi\u00e8re. <\/span><\/span><\/span><\/span><\/span><span style=\"vertical-align: inherit;\"><span style=\"vertical-align: inherit;\"><span style=\"vertical-align: inherit;\"><span style=\"vertical-align: inherit;\"><span style=\"vertical-align: inherit;\">L&rsquo;accueil, la d\u00e9co, le petit d\u00e9jeuner, le calme, .. que du bonheur. <\/span><\/span><\/span><\/span><\/span><\/span><\/span><span style=\"vertical-align: inherit;\"><span style=\"font-size: medium; font-family: Arial; font-weight: normal;\"><span style=\"vertical-align: inherit;\"><span style=\"vertical-align: inherit;\"><span style=\"vertical-align: inherit;\"><span style=\"vertical-align: inherit;\"><span style=\"vertical-align: inherit;\">Bisous &amp; \u00e0 bient\u00f4t, Aldo et Danielle de Luxembourg<\/span><\/span><\/span><\/span><\/span><\/span><\/span><\/span><br \/><span style=\"color: #0000ff; font-size: medium; font-family: Arial; font-weight: normal;\"> <span style=\"vertical-align: inherit;\"><span style=\"vertical-align: inherit;\"><span style=\"vertical-align: inherit;\"><\/span><\/span><\/span><\/span><\/p>\n<p><span style=\"font-size: medium; font-family: Arial; font-weight: normal; color: #0000ff;\">\u00a0<\/span><\/p>\n<p><span style=\"color: #0000ff;\"><span style=\"font-size: medium; font-family: Arial; font-weight: normal;\"><span style=\"vertical-align: inherit;\"><span style=\"vertical-align: inherit;\"><span style=\"vertical-align: inherit;\"><span style=\"vertical-align: inherit;\">Je veux vous remercier pour le s\u00e9jour tr\u00e8s agr\u00e9able dans vos chambres d&rsquo;h\u00f4tes! <\/span><\/span><\/span><span style=\"vertical-align: inherit;\"><span style=\"vertical-align: inherit;\"><span style=\"vertical-align: inherit;\">\u00c0 chaque fois une r\u00e9ception cordiale et votre sourire. <\/span><\/span><\/span><span style=\"vertical-align: inherit;\"><span style=\"vertical-align: inherit;\"><span style=\"vertical-align: inherit;\">Un d\u00e9jeuner d\u00e9licieux et les nouvelles chambres qui sont toujours soign\u00e9es sont toujours mon num\u00e9ro 1. Dans ces chambres d&rsquo;h\u00f4tes! <\/span><\/span><\/span><span style=\"vertical-align: inherit;\"><span style=\"vertical-align: inherit;\"><span style=\"vertical-align: inherit;\">(J&rsquo;ai r\u00e9sid\u00e9 9 nuits r\u00e9parties sur 2 mois, et j&rsquo;ai dormi dans les deux chambres) .Le frigidaire pour les bouteilles d&rsquo;eau fra\u00eeche ou yogourts t\u00e9moigne de l&rsquo;hospitalit\u00e9 absolue. <\/span><\/span><\/span><\/span><\/span><span style=\"vertical-align: inherit;\"><span style=\"font-size: medium; font-family: Arial; font-weight: normal;\"><span style=\"vertical-align: inherit;\"><span style=\"vertical-align: inherit;\"><span style=\"vertical-align: inherit;\">Evelien, Gent<\/span><\/span><\/span><\/span><\/span><\/span><br \/><span style=\"color: #0000ff; font-size: medium; font-family: Arial; font-weight: normal;\"> <span style=\"vertical-align: inherit;\"><span style=\"vertical-align: inherit;\"><span style=\"vertical-align: inherit;\"><\/span><\/span><\/span><\/span><\/p>\n<p><span style=\"font-size: medium; font-family: Arial; font-weight: normal; color: #0000ff;\">\u00a0<\/span><\/p>\n<p><span style=\"color: #0000ff;\"><span style=\"font-size: medium; font-family: Arial; font-weight: normal;\"><span style=\"vertical-align: inherit;\"><span style=\"vertical-align: inherit;\"><span style=\"vertical-align: inherit;\"><span style=\"vertical-align: inherit;\">Je tenais \u00e0 vous remercier pour votre accueil, la chambre tr\u00e8s propre et d\u00e9cor\u00e9e avec beaucoup de go\u00fbt, pour la r\u00e9gion et le pays magnifique que vous habitez. <\/span><\/span><\/span><span style=\"vertical-align: inherit;\"><span style=\"vertical-align: inherit;\"><span style=\"vertical-align: inherit;\">Ce fut un s\u00e9jour court, mais fort agr\u00e9able. <\/span><\/span><\/span><span style=\"vertical-align: inherit;\"><span style=\"vertical-align: inherit;\"><span style=\"vertical-align: inherit;\">Encore des milliers de mercis pour votre accueil, votre gentillesse, votre courtoisie, il est rare de nos jours de rencontrer des personnes aussi serviables et aimables que vous! <\/span><\/span><\/span><span style=\"vertical-align: inherit;\"><span style=\"vertical-align: inherit;\"><span style=\"vertical-align: inherit;\">Dans l&rsquo;espoir de pouvoir revenir une autre fois. <\/span><\/span><\/span><span style=\"vertical-align: inherit;\"><span style=\"vertical-align: inherit;\"><span style=\"vertical-align: inherit;\">Tr\u00e8s cordialement et tr\u00e8s sinc\u00e8rement. <\/span><\/span><\/span><\/span><\/span><span style=\"vertical-align: inherit;\"><span style=\"font-size: medium; font-family: Arial; font-weight: normal;\"><span style=\"vertical-align: inherit;\"><span style=\"vertical-align: inherit;\"><span style=\"vertical-align: inherit;\">Marie-Christine Gil<\/span><\/span><\/span><\/span><\/span><\/span><br \/><span style=\"color: #0000ff; font-size: medium; font-family: Arial; font-weight: normal;\"> <span style=\"vertical-align: inherit;\"><span style=\"vertical-align: inherit;\"><span style=\"vertical-align: inherit;\"><\/span><\/span><\/span><\/span><\/p>\n<p><span style=\"font-size: medium; font-family: Arial; font-weight: normal; color: #0000ff;\">\u00a0<\/span><\/p>\n<p><span style=\"color: #0000ff; font-size: medium; font-family: Arial; font-weight: normal;\"><span style=\"vertical-align: inherit;\"><span style=\"vertical-align: inherit;\"><span style=\"vertical-align: inherit;\"><span style=\"vertical-align: inherit;\">Encore un grand merci pour votre accueil &#8230; C\u00e9line<\/span><\/span><\/span><\/span><\/span><\/p>\n<p><span style=\"font-size: medium; font-family: Arial; font-weight: normal; color: #0000ff;\">\u00a0<\/span><\/p>\n<p><span style=\"color: #0000ff;\"><span style=\"font-size: medium; font-family: Arial; font-weight: normal;\"><span style=\"vertical-align: inherit;\"><span style=\"vertical-align: inherit;\"><span style=\"vertical-align: inherit;\"><span style=\"vertical-align: inherit;\">Wat ons betreft est jullie allum\u00e9 &amp; petit d\u00e9jeuner een echte aanrader op elk vlak! <\/span><\/span><\/span><span style=\"vertical-align: inherit;\"><span style=\"vertical-align: inherit;\"><span style=\"vertical-align: inherit;\">Een chaud onthaal, een gemoedelijke sfeer, een confortabel lit et een heerlijk ontbijt; <\/span><\/span><\/span><span style=\"vertical-align: inherit;\"><span style=\"vertical-align: inherit;\"><span style=\"vertical-align: inherit;\">Wie weet, tot binnenkort misschien? <\/span><span style=\"vertical-align: inherit;\">Ann et David, Steven Wir, a \u00e9t\u00e9 nomm\u00e9 \u00e0 l&rsquo;occasion de la conf\u00e9rence de presse. <\/span><\/span><\/span><\/span><\/span><span style=\"vertical-align: inherit;\"><span style=\"font-size: medium; font-family: Arial; font-weight: normal;\"><span style=\"vertical-align: inherit;\"><span style=\"vertical-align: inherit;\"><span style=\"vertical-align: inherit;\">Peter Rabe \/ Delmenhorst \/ Allemagne<\/span><\/span><\/span><\/span><\/span><\/span><br \/><span style=\"color: #0000ff; font-size: medium; font-family: Arial; font-weight: normal;\"> <span style=\"vertical-align: inherit;\"><span style=\"vertical-align: inherit;\"><span style=\"vertical-align: inherit;\"><\/span><\/span><\/span><\/span><\/p>\n<p><span style=\"font-size: medium; font-family: Arial; font-weight: normal; color: #0000ff;\">\u00a0<\/span><\/p>\n<p><span style=\"color: #0000ff;\"><span style=\"font-size: medium; font-family: Arial; font-weight: normal;\"><span style=\"vertical-align: inherit;\"><span style=\"vertical-align: inherit;\"><span style=\"vertical-align: inherit;\"><span style=\"vertical-align: inherit;\">Bonjour \u00e0 vous nous tenons \u00e0 votre accueil chaleureux et la table g\u00e9n\u00e9reuse et tr\u00e8s gustative que vous nous avez offert lors de notre s\u00e9jour dans votre maison d&rsquo;h\u00f4tes. <\/span><\/span><\/span><\/span><\/span><span style=\"vertical-align: inherit;\"><span style=\"font-size: medium; font-family: Arial; font-weight: normal;\"><span style=\"vertical-align: inherit;\"><span style=\"vertical-align: inherit;\"><span style=\"vertical-align: inherit;\">Mado et Bruno, Vosges.<\/span><\/span><\/span><\/span><\/span><\/span><br \/><span style=\"color: #0000ff; font-size: medium; font-family: Arial; font-weight: normal;\"> <span style=\"vertical-align: inherit;\"><span style=\"vertical-align: inherit;\"><span style=\"vertical-align: inherit;\"><\/span><\/span><\/span><\/span><\/p>\n<p><span style=\"font-size: medium; font-family: Arial; font-weight: normal; color: #0000ff;\">\u00a0<\/span><\/p>\n<p><span style=\"color: #0000ff;\"><span style=\"font-size: medium; font-family: Arial; font-weight: normal;\"><span style=\"vertical-align: inherit;\"><span style=\"vertical-align: inherit;\"><span style=\"vertical-align: inherit;\"><span style=\"vertical-align: inherit;\">Le top! <\/span><\/span><\/span><span style=\"vertical-align: inherit;\"><span style=\"vertical-align: inherit;\"><span style=\"vertical-align: inherit;\">Chambres superbes et impeccables, petit-d\u00e9jeuner royal et surtout accueil chaleureux. <\/span><\/span><\/span><span style=\"vertical-align: inherit;\"><span style=\"vertical-align: inherit;\"><span style=\"vertical-align: inherit;\">Que demander de plus ???? <\/span><\/span><\/span><\/span><\/span><span style=\"vertical-align: inherit;\"><span style=\"font-size: medium; font-family: Arial; font-weight: normal;\"><span style=\"vertical-align: inherit;\"><span style=\"vertical-align: inherit;\"><span style=\"vertical-align: inherit;\">Merci encore.Sylvie<\/span><\/span><\/span><\/span><\/span><\/span><br \/><span style=\"color: #0000ff; font-size: medium; font-family: Arial; font-weight: normal;\"> <span style=\"vertical-align: inherit;\"><span style=\"vertical-align: inherit;\"><span style=\"vertical-align: inherit;\"><\/span><\/span><\/span><\/span><\/p>\n<p><span style=\"font-size: medium; font-family: Arial; font-weight: normal; color: #0000ff;\">\u00a0<\/span><\/p>\n<p><span style=\"color: #0000ff; font-size: medium; font-family: Arial; font-weight: normal;\"><span style=\"vertical-align: inherit;\"><span style=\"vertical-align: inherit;\"><span style=\"vertical-align: inherit;\"><span style=\"vertical-align: inherit;\">Bonjour, Merci pour votre accueil. <\/span><\/span><\/span><span style=\"vertical-align: inherit;\"><span style=\"vertical-align: inherit;\"><span style=\"vertical-align: inherit;\">Vos chambres d&rsquo;h\u00f4tes sont un vrai bonheur; <\/span><\/span><\/span><span style=\"vertical-align: inherit;\"><span style=\"vertical-align: inherit;\"><span style=\"vertical-align: inherit;\">Tout est parfait (m\u00eame le site internet). <\/span><\/span><\/span><span style=\"vertical-align: inherit;\"><span style=\"vertical-align: inherit;\"><span style=\"vertical-align: inherit;\">Nous le recommandons.Amiti\u00e9s Maryvonne et Serge.<\/span><\/span><\/span><\/span><\/span><\/p>\n<p><span style=\"font-size: medium; font-family: Arial; font-weight: normal; color: #0000ff;\">\u00a0<\/span><\/p>\n<p><span style=\"color: #0000ff; font-size: medium; font-family: Arial; font-weight: normal;\"><span style=\"vertical-align: inherit;\"><span style=\"vertical-align: inherit;\"><span style=\"vertical-align: inherit;\"><span style=\"vertical-align: inherit;\">Je vous remercie pour le bon accueil que j&rsquo;ai re\u00e7u, lors de mon passage dans votre maison. <\/span><\/span><\/span><span style=\"vertical-align: inherit;\"><span style=\"vertical-align: inherit;\"><span style=\"vertical-align: inherit;\">Je ne suis pas \u00e0 l&rsquo;origine des louanges \u00e0 faire pour l&rsquo;h\u00e9bergement que vous avez r\u00e9serv\u00e9. <\/span><\/span><\/span><span style=\"vertical-align: inherit;\"><span style=\"vertical-align: inherit;\"><span style=\"vertical-align: inherit;\">Je ne manquerai pas de revenir chez vous lors de mon prochain s\u00e9jour \u00e0 Namur. <\/span><\/span><\/span><span style=\"vertical-align: inherit;\"><span style=\"vertical-align: inherit;\"><span style=\"vertical-align: inherit;\">Encore un grand merci pour tout ce que pour votre gentillesse. <\/span><\/span><\/span><span style=\"vertical-align: inherit;\"><span style=\"vertical-align: inherit;\"><span style=\"vertical-align: inherit;\">Ren\u00e9e.<\/span><\/span><\/span><\/span><\/span><\/p>\n<p><span style=\"font-size: medium; font-family: Arial; font-weight: normal; color: #0000ff;\">\u00a0<\/span><\/p>\n<p><span style=\"color: #0000ff;\"><span style=\"font-size: medium; font-family: Arial; font-weight: normal;\"><span style=\"vertical-align: inherit;\"><span style=\"vertical-align: inherit;\"><span style=\"vertical-align: inherit;\"><span style=\"vertical-align: inherit;\">A nos invit\u00e9s charmants Chantal &amp; Pierre, Une nuit \u00e0 Cognel\u00e9e c&rsquo;est trop court quand on h\u00e9berge dans une chambre d&rsquo;h\u00f4te comme la v\u00f4tre. <\/span><\/span><\/span><span style=\"vertical-align: inherit;\"><span style=\"vertical-align: inherit;\"><span style=\"vertical-align: inherit;\">Tout est \u00e0 votre image: chaleureux, sympathique et la maison est impeccable. <\/span><\/span><\/span><span style=\"vertical-align: inherit;\"><span style=\"vertical-align: inherit;\"><span style=\"vertical-align: inherit;\">Tout est pens\u00e9 pour le confort de vos invit\u00e9s. <\/span><\/span><\/span><span style=\"vertical-align: inherit;\"><span style=\"vertical-align: inherit;\"><span style=\"vertical-align: inherit;\">Bravo.Il nous vous pla\u00eet plaisir de recevoir dans notre petit coin de pays qui est le Qu\u00e9bec. <\/span><\/span><\/span><\/span><\/span><span style=\"vertical-align: inherit;\"><span style=\"font-size: medium; font-family: Arial; font-weight: normal;\"><span style=\"vertical-align: inherit;\"><span style=\"vertical-align: inherit;\"><span style=\"vertical-align: inherit;\">Jos\u00e9e et Michel.<\/span><\/span><\/span><\/span><\/span><\/span><br \/><span style=\"color: #0000ff; font-size: medium; font-family: Arial; font-weight: normal;\"> <span style=\"vertical-align: inherit;\"><span style=\"vertical-align: inherit;\"><span style=\"vertical-align: inherit;\"><\/span><\/span><\/span><\/span><\/p>\n<p><span style=\"font-size: medium; font-family: Arial; font-weight: normal; color: #0000ff;\">\u00a0<\/span><\/p>\n<p><span style=\"color: #0000ff;\"><span style=\"font-size: medium; font-family: Arial; font-weight: normal;\"><span style=\"vertical-align: inherit;\"><span style=\"vertical-align: inherit;\"><span style=\"vertical-align: inherit;\"><span style=\"vertical-align: inherit;\">Bonjour, C&rsquo;est juste encore une fois pour dire que c&rsquo;\u00e9tait parfait (m\u00eame pour 200%) Et on revient, \u00e7a c&rsquo;est certain aussi !!! <\/span><\/span><\/span><\/span><\/span><span style=\"vertical-align: inherit;\"><span style=\"font-size: medium; font-family: Arial; font-weight: normal;\"><span style=\"vertical-align: inherit;\"><span style=\"vertical-align: inherit;\"><span style=\"vertical-align: inherit;\">Merci, Koen Logghe et famille.<\/span><\/span><\/span><\/span><\/span><\/span><br \/><span style=\"color: #0000ff; font-size: medium; font-family: Arial; font-weight: normal;\"> <span style=\"vertical-align: inherit;\"><span style=\"vertical-align: inherit;\"><span style=\"vertical-align: inherit;\"><\/span><\/span><\/span><\/span><\/p>\n<p><span style=\"font-size: medium; font-family: Arial; font-weight: normal; color: #0000ff;\">\u00a0<\/span><\/p>\n<p><span style=\"color: #0000ff;\"><span style=\"font-size: medium; font-family: Arial; font-weight: normal;\"><span style=\"vertical-align: inherit;\"><span style=\"vertical-align: inherit;\"><span style=\"vertical-align: inherit;\"><span style=\"vertical-align: inherit;\">Merci pour votre gentil accueil, nous avons vraiment appr\u00e9ci\u00e9 le cadre et le calme. <\/span><\/span><\/span><span style=\"vertical-align: inherit;\"><span style=\"vertical-align: inherit;\"><span style=\"vertical-align: inherit;\">A bient\u00f4t, nous reviendrons. <\/span><\/span><\/span><\/span><\/span><span style=\"vertical-align: inherit;\"><span style=\"font-size: medium; font-family: Arial; font-weight: normal;\"><span style=\"vertical-align: inherit;\"><span style=\"vertical-align: inherit;\"><span style=\"vertical-align: inherit;\">Christel et St\u00e9phane<\/span><\/span><\/span><\/span><\/span><\/span><br \/><span style=\"color: #0000ff; font-size: medium; font-family: Arial; font-weight: normal;\"> <span style=\"vertical-align: inherit;\"><span style=\"vertical-align: inherit;\"><span style=\"vertical-align: inherit;\"><\/span><\/span><\/span><\/span><\/p>\n<p><span style=\"font-size: medium; font-family: Arial; font-weight: normal; color: #0000ff;\">\u00a0<\/span><\/p>\n<p><span style=\"color: #0000ff; font-size: medium; font-family: Arial; font-weight: normal;\"><span style=\"vertical-align: inherit;\"><span style=\"vertical-align: inherit;\"><span style=\"vertical-align: inherit;\"><span style=\"vertical-align: inherit;\">Ah! <\/span><\/span><\/span><span style=\"vertical-align: inherit;\"><span style=\"vertical-align: inherit;\"><span style=\"vertical-align: inherit;\">Quel accueil sympathique que le votre. <\/span><\/span><\/span><span style=\"vertical-align: inherit;\"><span style=\"vertical-align: inherit;\"><span style=\"vertical-align: inherit;\">Tout \u00e9tait parfait, les chambres impeccables, les lits confortables, les petits d\u00e9jeuners tr\u00e8s copieux avec les confitures maison et ces sirops de LIEGE !!! <\/span><\/span><\/span><span style=\"vertical-align: inherit;\"><span style=\"vertical-align: inherit;\"><span style=\"vertical-align: inherit;\">Quel r\u00e9gal encore pour ce tr\u00e8s bon s\u00e9jourMarcelle &amp; Jo\u00ebl \u00e0 bient\u00f4t &#8230;<\/span><\/span><\/span><\/span><\/span><\/p>\n<p><span style=\"font-size: medium; font-family: Arial; font-weight: normal; color: #0000ff;\">\u00a0<\/span><\/p>\n<p><span style=\"color: #0000ff;\"><span style=\"font-size: medium; font-family: Arial; font-weight: normal;\"><span style=\"vertical-align: inherit;\"><span style=\"vertical-align: inherit;\"><span style=\"vertical-align: inherit;\"><span style=\"vertical-align: inherit;\">Bonjour \u00e0 vous deux, Nous avons beaucoup appr\u00e9ci\u00e9 notre s\u00e9jour chez vous en septembre pass\u00e9. <\/span><\/span><\/span><span style=\"vertical-align: inherit;\"><span style=\"vertical-align: inherit;\"><span style=\"vertical-align: inherit;\">Nous voulions simplement vous remercier pour le bel accueil et vous dire que nous avons fait un excellent voyage. <\/span><\/span><\/span><span style=\"vertical-align: inherit;\"><span style=\"vertical-align: inherit;\"><span style=\"vertical-align: inherit;\">Gent, Bruges, Dinant, Strasbourg, Colmar ont \u00e9t\u00e9 un vrai coup de coeur Nous gardons un excellent souvenir de la Belgique et de l&rsquo;Alsace. <\/span><\/span><\/span><span style=\"vertical-align: inherit;\"><span style=\"vertical-align: inherit;\"><span style=\"vertical-align: inherit;\">Si vous revenez au Qu\u00e9bec, ce serait un grand plaisir de vous revoir. <\/span><\/span><\/span><span style=\"vertical-align: inherit;\"><span style=\"vertical-align: inherit;\"><span style=\"vertical-align: inherit;\">Encore merci pour le bel accueil et bel automne pour tous les deux. <\/span><\/span><\/span><\/span><\/span><span style=\"vertical-align: inherit;\"><span style=\"font-size: medium; font-family: Arial; font-weight: normal;\"><span style=\"vertical-align: inherit;\"><span style=\"vertical-align: inherit;\"><span style=\"vertical-align: inherit;\">Chantal et Marc<\/span><\/span><\/span><\/span><\/span><\/span><br \/><span style=\"color: #0000ff; font-size: medium; font-family: Arial; font-weight: normal;\"> <span style=\"vertical-align: inherit;\"><span style=\"vertical-align: inherit;\"><span style=\"vertical-align: inherit;\"><\/span><\/span><\/span><\/span><\/p>\n<p><span style=\"font-size: medium; font-family: Arial; font-weight: normal; color: #0000ff;\">\u00a0<\/span><\/p>\n<p><span style=\"color: #0000ff; font-size: medium; font-family: Arial; font-weight: normal;\"><span style=\"vertical-align: inherit;\"><span style=\"vertical-align: inherit;\"><span style=\"vertical-align: inherit;\"><span style=\"vertical-align: inherit;\">Merci pour l&rsquo;accueil, le confort et la qualit\u00e9 du petit d\u00e9jeuner. <\/span><\/span><\/span><span style=\"vertical-align: inherit;\"><span style=\"vertical-align: inherit;\"><span style=\"vertical-align: inherit;\">Claude, Aline, Norbert et Marie Th\u00e9r\u00e8se.<\/span><\/span><\/span><\/span><\/span><\/p>\n<p><span style=\"font-size: medium; font-family: Arial; font-weight: normal; color: #0000ff;\">\u00a0<\/span><\/p>\n<p><span style=\"color: #0000ff; font-size: medium; font-family: Arial; font-weight: normal;\"><span style=\"vertical-align: inherit;\"><span style=\"vertical-align: inherit;\"><span style=\"vertical-align: inherit;\"><span style=\"vertical-align: inherit;\">Merci pour cet excellent moment! <\/span><\/span><\/span><span style=\"vertical-align: inherit;\"><span style=\"vertical-align: inherit;\"><span style=\"vertical-align: inherit;\">Accueil tr\u00e8s chaleureux. <\/span><\/span><\/span><span style=\"vertical-align: inherit;\"><span style=\"vertical-align: inherit;\"><span style=\"vertical-align: inherit;\">Confort \u00ab\u00a05 \u00e9toiles\u00a0\u00bb. <\/span><\/span><\/span><span style=\"vertical-align: inherit;\"><span style=\"vertical-align: inherit;\"><span style=\"vertical-align: inherit;\">Calme exceptionnel. <\/span><\/span><\/span><span style=\"vertical-align: inherit;\"><span style=\"vertical-align: inherit;\"><span style=\"vertical-align: inherit;\">Petit-d\u00e9jeuner tr\u00e8s copieux, vraiment super, merci encore Christine et J. Marcel<\/span><\/span><\/span><\/span><\/span><\/p>\n<p><span style=\"color: #0000ff;\">\u00a0<\/span><\/p>\n<p>[\/et_pb_text][\/et_pb_column][\/et_pb_row][\/et_pb_section]<\/p>\n","protected":false},"excerpt":{"rendered":"<p>\u00a0GUESTBOOK\u00a0 \u00ab\u00a0C\u00f4t\u00e9 Fontaine\u00a0\u00bb \u00a0 \u00a0 You can leave us your impressions. Send us your message via the box on the right or your e-mail box. We will post it on our site, thank you in advance. A big thank you to Pierre and Chantal for the room and the attention during our stay. We are [&hellip;]<\/p>\n","protected":false},"author":1,"featured_media":273,"parent":0,"menu_order":0,"comment_status":"closed","ping_status":"closed","template":"","meta":{"_et_pb_use_builder":"on","_et_pb_old_content":"","_et_gb_content_width":"","footnotes":""},"class_list":["post-134","page","type-page","status-publish","has-post-thumbnail","hentry"],"_links":{"self":[{"href":"https:\/\/cotefontaine.be\/cf-en\/wp-json\/wp\/v2\/pages\/134","targetHints":{"allow":["GET"]}}],"collection":[{"href":"https:\/\/cotefontaine.be\/cf-en\/wp-json\/wp\/v2\/pages"}],"about":[{"href":"https:\/\/cotefontaine.be\/cf-en\/wp-json\/wp\/v2\/types\/page"}],"author":[{"embeddable":true,"href":"https:\/\/cotefontaine.be\/cf-en\/wp-json\/wp\/v2\/users\/1"}],"replies":[{"embeddable":true,"href":"https:\/\/cotefontaine.be\/cf-en\/wp-json\/wp\/v2\/comments?post=134"}],"version-history":[{"count":10,"href":"https:\/\/cotefontaine.be\/cf-en\/wp-json\/wp\/v2\/pages\/134\/revisions"}],"predecessor-version":[{"id":3550,"href":"https:\/\/cotefontaine.be\/cf-en\/wp-json\/wp\/v2\/pages\/134\/revisions\/3550"}],"wp:featuredmedia":[{"embeddable":true,"href":"https:\/\/cotefontaine.be\/cf-en\/wp-json\/wp\/v2\/media\/273"}],"wp:attachment":[{"href":"https:\/\/cotefontaine.be\/cf-en\/wp-json\/wp\/v2\/media?parent=134"}],"curies":[{"name":"wp","href":"https:\/\/api.w.org\/{rel}","templated":true}]}}